{"id":4639,"date":"2016-11-17T12:22:51","date_gmt":"2016-11-17T11:22:51","guid":{"rendered":"http:\/\/www.fundacioncristinamasaveu.com\/activity\/cultural-projects\/"},"modified":"2025-12-16T11:55:57","modified_gmt":"2025-12-16T10:55:57","slug":"cultural-projects","status":"publish","type":"page","link":"https:\/\/www.fundacioncristinamasaveu.com\/en\/activity\/cultural-projects\/","title":{"rendered":"CULTURAL PROJECTS"},"content":{"rendered":"<section class=\"l-section wpb_row height_auto\" id=\"contenedor_info\"><div class=\"l-section-h i-cf\"><div class=\"g-cols vc_row via_flex valign_top type_default stacking_default\"><div class=\"vc_col-sm-12 wpb_column vc_column_container\"><div class=\"vc_column-inner\"><div class=\"wpb_wrapper\"><div class=\"w-separator size_small\"><\/div><div class=\"wpb_text_column\"><div class=\"wpb_wrapper\"><nav class=\"g-breadcrumbs separator_icon\" itemscope itemtype=\"http:\/\/schema.org\/BreadcrumbList\"><div class=\"g-breadcrumbs-item\" itemscope itemprop=\"itemListElement\" itemtype=\"http:\/\/schema.org\/ListItem\"><a itemprop=\"item\" href=\"https:\/\/www.fundacioncristinamasaveu.com\/en\/\"><span itemprop=\"name\">Home<\/span><\/a><meta itemprop=\"position\" content=\"1\"\/><\/div><div class=\"g-breadcrumbs-separator\"><i class=\"far fa-angle-right\"><\/i><\/div><div aria-current=\"page\" class=\"g-breadcrumbs-item\" itemscope itemprop=\"itemListElement\" itemtype=\"http:\/\/schema.org\/ListItem\"><span itemprop=\"name\">Pages<\/span><meta itemprop=\"position\" content=\"2\"\/><\/div><\/nav>\n<\/div><\/div><div class=\"w-separator size_small\"><\/div><div class=\"w-image has_ratio align_none\"><div class=\"w-image-h\"><div style=\"padding-bottom:56.25%\"><\/div><img decoding=\"async\" width=\"1024\" height=\"641\" src=\"https:\/\/www.fundacioncristinamasaveu.com\/wp-content\/uploads\/2020\/07\/MCMP-H-01-01-01-Mosaic-LOW-1024x641.jpg\" class=\"attachment-large size-large\" alt=\"\" loading=\"lazy\" \/><\/div><\/div>[vc_custom_heading text=&#8221;CENTRE FMCMP MADRID&#8221; font_container=&#8221;tag:h3|text_align:left&#8221; use_theme_fonts=&#8221;yes&#8221; el_class=&#8221;tituloSeccion&#8221;]<div class=\"w-separator size_small\"><\/div><div class=\"w-grid us_grid type_grid layout_56893 cols_3 pagination_ajax preload_style_spinner\" id=\"us_grid_1\" style=\"--columns:3;--gap:10px;\" data-filterable=\"true\"><style>@media (max-width:1024px){#us_grid_1{--columns:2!important}}@media (max-width:600px){#us_grid_1{--columns:1!important}}.layout_56893 .w-grid-item-h{background:#ffffff}@media(max-width:39px){.layout_56893 .usg_post_custom_field_1{display:none!important}}.layout_56893 .usg_post_image_1{position:static!important}.layout_56893 .usg_vwrapper_1{padding-left:10px!important;padding-right:10px!important;border-color:#222222!important;border-style:solid!important;border-width:0 0 0 1px!important}.layout_56893 .usg_post_title_1{font-size:1.3em!important}.layout_56893 .usg_post_custom_field_1{font-weight:600!important;text-transform:uppercase!important;font-size:1.3em!important}.layout_56893 .usg_post_custom_field_2{font-weight:300!important;text-transform:uppercase!important;font-size:1em!important}<\/style><div class=\"w-grid-list\">\t<article class=\"w-grid-item size_1x1 post-84199 us_portfolio type-us_portfolio status-publish has-post-thumbnail hentry us_portfolio_category-arte-y-cultura-en us_portfolio_category-current-exhibitions us_portfolio_category-exposiciones-en us_portfolio_category-exhibitions us_portfolio_category-madrid-en us_portfolio_category-masaveu-collection-exhibits us_portfolio_category-upcoming-exhibits us_portfolio_tag-madrid-en us_portfolio_tag-portada-en\" data-id=\"84199\">\r\n\t\t<div class=\"w-grid-item-h\">\r\n\t\t\t\t\t\t\t<a href=\"https:\/\/www.fundacioncristinamasaveu.com\/en\/portfolio\/colecciones-masaveu-arte-textil\/\" class=\"w-grid-item-anchor\" aria-label=\"COLECCIONES MASAVEU. ARTE TEXTIL\"><\/a>\r\n\t\t\t\t\t\t<div class=\"w-post-elm post_image usg_post_image_1 stretched\"><img loading=\"lazy\" decoding=\"async\" thumbnail=\"us_600_338_crop\" width=\"600\" height=\"338\" src=\"https:\/\/www.fundacioncristinamasaveu.com\/wp-content\/uploads\/2024\/12\/hicks-web-600x338.jpg\" class=\"attachment-us_600_338_crop size-us_600_338_crop wp-post-image\" alt=\"\" srcset=\"https:\/\/www.fundacioncristinamasaveu.com\/wp-content\/uploads\/2024\/12\/hicks-web-600x338.jpg 600w, https:\/\/www.fundacioncristinamasaveu.com\/wp-content\/uploads\/2024\/12\/hicks-web-300x169.jpg 300w, https:\/\/www.fundacioncristinamasaveu.com\/wp-content\/uploads\/2024\/12\/hicks-web-1024x576.jpg 1024w, https:\/\/www.fundacioncristinamasaveu.com\/wp-content\/uploads\/2024\/12\/hicks-web-768x432.jpg 768w, https:\/\/www.fundacioncristinamasaveu.com\/wp-content\/uploads\/2024\/12\/hicks-web-50x28.jpg 50w, https:\/\/www.fundacioncristinamasaveu.com\/wp-content\/uploads\/2024\/12\/hicks-web.jpg 1920w\" sizes=\"auto, (max-width: 600px) 100vw, 600px\" \/><\/div><div class=\"w-vwrapper usg_vwrapper_1 align_left valign_top\" style=\"--vwrapper-gap: 0.7rem;\"><div class=\"w-post-elm post_custom_field usg_post_custom_field_1 type_text antetitulo color_link_inherit\"><span class=\"w-post-elm-value\">EXPOSICI\u00d3N<\/span><\/div><div class=\"w-post-elm post_title usg_post_title_1 align_left color_link_inherit\">COLECCIONES MASAVEU. ARTE TEXTIL<\/div><p class=\"w-post-elm post_custom_field usg_post_custom_field_2 type_text posttitulo color_link_inherit\"><span class=\"w-post-elm-value\"><b>CENTRO FMCMP MADRID<\/b><br \/>\r\n07 OCTUBRE, 2026<br \/>\r\n18 JULIO, 2027<\/span><\/p><\/div>\t\t<\/div>\r\n\t\t\t<\/article>\r\n\t<article class=\"w-grid-item size_1x1 post-73703 us_portfolio type-us_portfolio status-publish has-post-thumbnail hentry us_portfolio_category-arte-y-cultura-en us_portfolio_category-current-exhibitions us_portfolio_category-exposiciones-en us_portfolio_category-exhibitions us_portfolio_category-masaveu-collection-exhibits us_portfolio_tag-madrid-en us_portfolio_tag-picasso-to-barcelo us_portfolio_tag-portada-en\" data-id=\"73703\">\r\n\t\t<div class=\"w-grid-item-h\">\r\n\t\t\t\t\t\t\t<a href=\"https:\/\/www.fundacioncristinamasaveu.com\/en\/portfolio\/exposicion-coleccion-masaveu-de-picasso-a-barcelo\/\" class=\"w-grid-item-anchor\" aria-label=\"MASAVEU COLLECTION. TWENTIETH-CENTURY SPANISH ART: FROM PICASSO TO BARCEL\u00d3\"><\/a>\r\n\t\t\t\t\t\t<div class=\"w-post-elm post_image usg_post_image_1 stretched\"><img loading=\"lazy\" decoding=\"async\" thumbnail=\"us_600_338_crop\" width=\"600\" height=\"338\" src=\"https:\/\/www.fundacioncristinamasaveu.com\/wp-content\/uploads\/2024\/05\/Sin-titulo-12-600x338.png\" class=\"attachment-us_600_338_crop size-us_600_338_crop wp-post-image\" alt=\"\" \/><\/div><div class=\"w-vwrapper usg_vwrapper_1 align_left valign_top\" style=\"--vwrapper-gap: 0.7rem;\"><div class=\"w-post-elm post_custom_field usg_post_custom_field_1 type_text antetitulo color_link_inherit\"><span class=\"w-post-elm-value\">EXHIBITION<\/span><\/div><div class=\"w-post-elm post_title usg_post_title_1 align_left color_link_inherit\">MASAVEU COLLECTION. TWENTIETH-CENTURY SPANISH ART: FROM PICASSO TO BARCEL\u00d3<\/div><p class=\"w-post-elm post_custom_field usg_post_custom_field_2 type_text posttitulo color_link_inherit\"><span class=\"w-post-elm-value\"><b>FMCMP MADRID CENTRE<\/b><br \/>\r\n09 OCTOBER, 2024<br \/>\r\n19 JULY, 2026<\/span><\/p><\/div>\t\t<\/div>\r\n\t\t\t<\/article>\r\n\t<article class=\"w-grid-item size_1x1 post-83564 us_portfolio type-us_portfolio status-publish has-post-thumbnail hentry us_portfolio_category-art-en us_portfolio_category-arte-y-cultura-en us_portfolio_category-current-exhibitions us_portfolio_category-exposiciones-en us_portfolio_category-madrid-en us_portfolio_category-masaveu-collection-exhibits us_portfolio_tag-destacada-en us_portfolio_tag-madrid-en us_portfolio_tag-portada-en\" data-id=\"83564\">\r\n\t\t<div class=\"w-grid-item-h\">\r\n\t\t\t\t\t\t\t<a href=\"https:\/\/www.fundacioncristinamasaveu.com\/en\/portfolio\/exhibition-monograph-works-on-paper-iv\/\" class=\"w-grid-item-anchor\" aria-label=\"EXHIBITION MONOGRAPH: WORKS ON PAPER (IV)\"><\/a>\r\n\t\t\t\t\t\t<div class=\"w-post-elm post_image usg_post_image_1 stretched\"><img loading=\"lazy\" decoding=\"async\" thumbnail=\"us_600_338_crop\" width=\"600\" height=\"338\" src=\"https:\/\/www.fundacioncristinamasaveu.com\/wp-content\/uploads\/2024\/12\/Masats-600x338.jpg\" class=\"attachment-us_600_338_crop size-us_600_338_crop wp-post-image\" alt=\"\" \/><\/div><div class=\"w-vwrapper usg_vwrapper_1 align_left valign_top\" style=\"--vwrapper-gap: 0.7rem;\"><div class=\"w-post-elm post_custom_field usg_post_custom_field_1 type_text antetitulo color_link_inherit\"><span class=\"w-post-elm-value\">EXHIBITION<\/span><\/div><div class=\"w-post-elm post_title usg_post_title_1 align_left color_link_inherit\">EXHIBITION MONOGRAPH: WORKS ON PAPER (IV)<\/div><p class=\"w-post-elm post_custom_field usg_post_custom_field_2 type_text posttitulo color_link_inherit\"><span class=\"w-post-elm-value\"><b>FMCMP MADRID CENTRE<\/b><br \/>\r\n19 FEBRUARY, 2026<br \/>\r\n19 JULY, 2026<\/span><\/p><\/div>\t\t<\/div>\r\n\t\t\t<\/article>\r\n\t<article class=\"w-grid-item size_1x1 post-84322 us_portfolio type-us_portfolio status-publish has-post-thumbnail hentry us_portfolio_category-agenda-en us_portfolio_category-conferencia-madre us_portfolio_category-current-exhibitions us_portfolio_category-exposiciones-en us_portfolio_category-madrid-en us_portfolio_tag-actualidad-en us_portfolio_tag-madrid-en\" data-id=\"84322\">\r\n\t\t<div class=\"w-grid-item-h\">\r\n\t\t\t\t\t\t\t<a href=\"https:\/\/www.fundacioncristinamasaveu.com\/en\/portfolio\/fiestas-de-chamberi-2026\/\" class=\"w-grid-item-anchor\" aria-label=\"FIESTAS DE CHAMBER\u00cd 2026\"><\/a>\r\n\t\t\t\t\t\t<div class=\"w-post-elm post_image usg_post_image_1 stretched\"><img loading=\"lazy\" decoding=\"async\" thumbnail=\"us_600_338_crop\" width=\"600\" height=\"338\" src=\"https:\/\/www.fundacioncristinamasaveu.com\/wp-content\/uploads\/2022\/09\/FMCMP_1ML58-600x338.jpg\" class=\"attachment-us_600_338_crop size-us_600_338_crop wp-post-image\" alt=\"\" \/><\/div><div class=\"w-vwrapper usg_vwrapper_1 align_left valign_top\" style=\"--vwrapper-gap: 0.7rem;\"><div class=\"w-post-elm post_custom_field usg_post_custom_field_1 type_text antetitulo color_link_inherit\"><span class=\"w-post-elm-value\">PROGRAMACI\u00d3N ESPECIAL<\/span><\/div><div class=\"w-post-elm post_title usg_post_title_1 align_left color_link_inherit\">FIESTAS DE CHAMBER\u00cd 2026<\/div><p class=\"w-post-elm post_custom_field usg_post_custom_field_2 type_text posttitulo color_link_inherit\"><span class=\"w-post-elm-value\"><b>CENTRO FMCMP MADRID<\/b><br \/>\r\n17 - 19 JULIO, 2025<\/span><\/p><\/div>\t\t<\/div>\r\n\t\t\t<\/article>\r\n\t<article class=\"w-grid-item size_1x1 post-64662 us_portfolio type-us_portfolio status-publish has-post-thumbnail hentry us_portfolio_category-art-en us_portfolio_category-exposiciones-en us_portfolio_category-fmcmp-collection us_portfolio_category-madrid-en us_portfolio_tag-destacada-en us_portfolio_tag-madrid-en us_portfolio_tag-portada-en\" data-id=\"64662\">\r\n\t\t<div class=\"w-grid-item-h\">\r\n\t\t\t\t\t\t\t<a href=\"https:\/\/www.fundacioncristinamasaveu.com\/en\/portfolio\/street-art-space\/\" class=\"w-grid-item-anchor\" aria-label=\"STREET ART SPACE\"><\/a>\r\n\t\t\t\t\t\t<div class=\"w-post-elm post_image usg_post_image_1 stretched\"><img loading=\"lazy\" decoding=\"async\" thumbnail=\"us_600_338_crop\" width=\"600\" height=\"338\" src=\"https:\/\/www.fundacioncristinamasaveu.com\/wp-content\/uploads\/2024\/12\/6MR9224-P-600x338.jpg\" class=\"attachment-us_600_338_crop size-us_600_338_crop wp-post-image\" alt=\"\" \/><\/div><div class=\"w-vwrapper usg_vwrapper_1 align_left valign_top\" style=\"--vwrapper-gap: 0.7rem;\"><div class=\"w-post-elm post_custom_field usg_post_custom_field_1 type_text antetitulo color_link_inherit\"><span class=\"w-post-elm-value\">EXHIBITION<\/span><\/div><div class=\"w-post-elm post_title usg_post_title_1 align_left color_link_inherit\">STREET ART SPACE<\/div><p class=\"w-post-elm post_custom_field usg_post_custom_field_2 type_text posttitulo color_link_inherit\"><span class=\"w-post-elm-value\"><b>FMCMP MADRID CENTRE <\/b><br \/>\r\n16 SEPTEMBER, 2025<br \/>\r\n28 JUNE, 2026<\/span><\/p><\/div>\t\t<\/div>\r\n\t\t\t<\/article>\r\n\t<article class=\"w-grid-item size_1x1 post-81074 us_portfolio type-us_portfolio status-publish has-post-thumbnail hentry us_portfolio_category-art-en us_portfolio_category-arte-y-cultura-en us_portfolio_category-exposiciones-en us_portfolio_category-madrid-en us_portfolio_category-masaveu-collection-exhibits us_portfolio_tag-destacada-en us_portfolio_tag-madrid-en us_portfolio_tag-porta us_portfolio_tag-portada-en\" data-id=\"81074\">\r\n\t\t<div class=\"w-grid-item-h\">\r\n\t\t\t\t\t\t\t<a href=\"https:\/\/www.fundacioncristinamasaveu.com\/en\/portfolio\/__trashed-3\/\" class=\"w-grid-item-anchor\" aria-label=\"MONOGRAPH: WORKS ON PAPER III\"><\/a>\r\n\t\t\t\t\t\t<div class=\"w-post-elm post_image usg_post_image_1 stretched\"><img loading=\"lazy\" decoding=\"async\" thumbnail=\"us_600_338_crop\" width=\"600\" height=\"338\" src=\"https:\/\/www.fundacioncristinamasaveu.com\/wp-content\/uploads\/2024\/12\/CFMCMP-441-504_2020_MM2024-Palazuelo-600x338.jpg\" class=\"attachment-us_600_338_crop size-us_600_338_crop wp-post-image\" alt=\"\" \/><\/div><div class=\"w-vwrapper usg_vwrapper_1 align_left valign_top\" style=\"--vwrapper-gap: 0.7rem;\"><div class=\"w-post-elm post_custom_field usg_post_custom_field_1 type_text antetitulo color_link_inherit\"><span class=\"w-post-elm-value\">EXHIBITION<\/span><\/div><div class=\"w-post-elm post_title usg_post_title_1 align_left color_link_inherit\">MONOGRAPH: WORKS ON PAPER III<\/div><p class=\"w-post-elm post_custom_field usg_post_custom_field_2 type_text posttitulo color_link_inherit\"><span class=\"w-post-elm-value\"><b>FMCMP MADRID CENTRE<\/b><br \/>\r\n16 SEPTEMBER, 2025<br \/>\r\n15 FEBRUARY, 2026<br \/>\r\n<\/span><\/p><\/div>\t\t<\/div>\r\n\t\t\t<\/article>\r\n<\/div>\t<div class=\"w-grid-preloader\">\r\n\t\t<div class=\"g-preloader type_1\">\r\n\t\t\t<div><\/div>\r\n\t\t<\/div>\r\n\t<\/div>\r\n\t\t\t\t<div class=\"g-loadmore\">\r\n\t\t\t\t<div class=\"g-preloader type_1\">\r\n\t\t\t\t\t<div><\/div>\r\n\t\t\t\t<\/div>\r\n\t\t\t\t<button type=\"button\" class=\"w-btn us-btn-style_3\" style=\"font-size:0.8rem;\">\r\n\t\t\t\t\t<span class=\"w-btn-label\">View more activities &gt;<\/span>\r\n\t\t\t\t<\/button>\r\n\t\t\t<\/div>\r\n\t\t\t\t<div class=\"w-grid-json hidden\" onclick='return {&quot;action&quot;:&quot;us_ajax_grid&quot;,&quot;infinite_scroll&quot;:0,&quot;max_num_pages&quot;:4,&quot;pagination&quot;:&quot;ajax&quot;,&quot;template_vars&quot;:{&quot;columns&quot;:&quot;3&quot;,&quot;exclude_items&quot;:&quot;none&quot;,&quot;img_size&quot;:&quot;default&quot;,&quot;ignore_items_size&quot;:0,&quot;items_layout&quot;:&quot;56893&quot;,&quot;items_offset&quot;:&quot;1&quot;,&quot;load_animation&quot;:&quot;none&quot;,&quot;overriding_link&quot;:&quot;%7B%22type%22%3A%22post%22%7D&quot;,&quot;post_id&quot;:0,&quot;query_args&quot;:{&quot;post_type&quot;:[&quot;us_portfolio&quot;],&quot;tax_query&quot;:[{&quot;taxonomy&quot;:&quot;us_portfolio_category&quot;,&quot;field&quot;:&quot;slug&quot;,&quot;terms&quot;:[&quot;exposiciones-en&quot;,&quot;exhibitions&quot;]},{&quot;taxonomy&quot;:&quot;us_portfolio_tag&quot;,&quot;field&quot;:&quot;slug&quot;,&quot;terms&quot;:[&quot;madrid&quot;]}],&quot;post_status&quot;:[&quot;publish&quot;,&quot;acf-disabled&quot;],&quot;posts_per_page&quot;:&quot;6&quot;},&quot;orderby_query_args&quot;:{&quot;orderby&quot;:{&quot;date&quot;:&quot;DESC&quot;}},&quot;type&quot;:&quot;grid&quot;,&quot;us_grid_post_type&quot;:&quot;us_portfolio&quot;,&quot;us_grid_ajax_index&quot;:1,&quot;us_grid_filter_query_string&quot;:null,&quot;us_grid_index&quot;:1,&quot;page_args&quot;:[],&quot;lang&quot;:&quot;en&quot;}}'><\/div>\r\n\t<\/div>[vc_custom_heading text=&#8221;CENTRE FMCMP MORASVERDES&#8221; font_container=&#8221;tag:h3|text_align:left&#8221; use_theme_fonts=&#8221;yes&#8221; el_class=&#8221;tituloSeccion&#8221;]<div class=\"w-separator size_small\"><\/div><div class=\"w-grid us_grid type_grid layout_56893 cols_3 pagination_ajax preload_style_spinner\" id=\"us_grid_2\" style=\"--columns:3;--gap:10px;\" data-filterable=\"true\"><style>@media (max-width:1024px){#us_grid_2{--columns:2!important}}@media (max-width:600px){#us_grid_2{--columns:1!important}}<\/style><div class=\"w-grid-list\">\t<article class=\"w-grid-item size_1x1 post-71677 us_portfolio type-us_portfolio status-publish has-post-thumbnail hentry us_portfolio_category-art-en us_portfolio_category-arte-y-cultura-en us_portfolio_category-exposiciones-en us_portfolio_category-morasverdes-en us_portfolio_tag-exhibition-mv us_portfolio_tag-morasverdes-en us_portfolio_tag-portada-en us_portfolio_tag-salamanca-en\" data-id=\"71677\">\r\n\t\t<div class=\"w-grid-item-h\">\r\n\t\t\t\t\t\t\t<a href=\"https:\/\/www.fundacioncristinamasaveu.com\/en\/portfolio\/exhibition-mv-art-nature\/\" class=\"w-grid-item-anchor\" aria-label=\"FMCMP COLLECTION: ART AND NATURE\"><\/a>\r\n\t\t\t\t\t\t<div class=\"w-post-elm post_image usg_post_image_1 stretched\"><img loading=\"lazy\" decoding=\"async\" thumbnail=\"us_600_338_crop\" width=\"600\" height=\"338\" src=\"https:\/\/www.fundacioncristinamasaveu.com\/wp-content\/uploads\/2024\/12\/vista-de-la-exposicion-arte-y-naturaleza-600x338.jpg\" class=\"attachment-us_600_338_crop size-us_600_338_crop wp-post-image\" alt=\"\" \/><\/div><div class=\"w-vwrapper usg_vwrapper_1 align_left valign_top\" style=\"--vwrapper-gap: 0.7rem;\"><div class=\"w-post-elm post_custom_field usg_post_custom_field_1 type_text antetitulo color_link_inherit\"><span class=\"w-post-elm-value\">EXHIBITION<\/span><\/div><div class=\"w-post-elm post_title usg_post_title_1 align_left color_link_inherit\">FMCMP COLLECTION: ART AND NATURE<\/div><p class=\"w-post-elm post_custom_field usg_post_custom_field_2 type_text posttitulo color_link_inherit\"><span class=\"w-post-elm-value\"><b>FMCMP MORASVERDES CENTRE<\/b><br \/>\r\nPERMANENT EXHIBITION<\/span><\/p><\/div>\t\t<\/div>\r\n\t\t\t<\/article>\r\n\t<article class=\"w-grid-item size_1x1 post-71667 us_portfolio type-us_portfolio status-publish has-post-thumbnail hentry us_portfolio_category-art-en us_portfolio_category-arte-y-cultura-en us_portfolio_category-exhibitions us_portfolio_category-morasverdes-en us_portfolio_category-formacion-en us_portfolio_category-programme-for-schools us_portfolio_tag-destacada-en us_portfolio_tag-morasverdes-en us_portfolio_tag-salamanca-en us_portfolio_tag-school-programme-mv\" data-id=\"71667\">\r\n\t\t<div class=\"w-grid-item-h\">\r\n\t\t\t\t\t\t\t<a href=\"https:\/\/www.fundacioncristinamasaveu.com\/en\/portfolio\/programa-escolar-arte-y-naturaleza\/\" class=\"w-grid-item-anchor\" aria-label=\"FMCMP COLLECTION: ART AND NATURE\"><\/a>\r\n\t\t\t\t\t\t<div class=\"w-post-elm post_image usg_post_image_1 stretched\"><img loading=\"lazy\" decoding=\"async\" thumbnail=\"us_600_338_crop\" width=\"600\" height=\"338\" src=\"https:\/\/www.fundacioncristinamasaveu.com\/wp-content\/uploads\/2023\/08\/4MR7895-1-600x338.jpg\" class=\"attachment-us_600_338_crop size-us_600_338_crop wp-post-image\" alt=\"\" \/><\/div><div class=\"w-vwrapper usg_vwrapper_1 align_left valign_top\" style=\"--vwrapper-gap: 0.7rem;\"><div class=\"w-post-elm post_custom_field usg_post_custom_field_1 type_text antetitulo color_link_inherit\"><span class=\"w-post-elm-value\">SCHOOLS PROGRAMME<\/span><\/div><div class=\"w-post-elm post_title usg_post_title_1 align_left color_link_inherit\">FMCMP COLLECTION: ART AND NATURE<\/div><p class=\"w-post-elm post_custom_field usg_post_custom_field_2 type_text posttitulo color_link_inherit\"><span class=\"w-post-elm-value\"><b>FMCMP MORASVERDES CENTRE<\/b><br \/>\r\nEVERY SCHOOL THURSDAY AND FRIDAY<br \/>\r\n<\/span><\/p><\/div>\t\t<\/div>\r\n\t\t\t<\/article>\r\n\t<article class=\"w-grid-item size_1x1 post-82771 us_portfolio type-us_portfolio status-publish has-post-thumbnail hentry us_portfolio_category-art-en us_portfolio_category-morasverdes-en us_portfolio_category-formacion-en us_portfolio_tag-fmcmp-morasverdes us_portfolio_tag-morasverdes-en\" data-id=\"82771\">\r\n\t\t<div class=\"w-grid-item-h\">\r\n\t\t\t\t\t\t\t<a href=\"https:\/\/www.fundacioncristinamasaveu.com\/en\/portfolio\/christmas-workshop-for-families\/\" class=\"w-grid-item-anchor\" aria-label=\"CHRISTMAS WORKSHOP FOR FAMILIES\"><\/a>\r\n\t\t\t\t\t\t<div class=\"w-post-elm post_image usg_post_image_1 stretched\"><img loading=\"lazy\" decoding=\"async\" thumbnail=\"us_600_338_crop\" width=\"600\" height=\"338\" src=\"https:\/\/www.fundacioncristinamasaveu.com\/wp-content\/uploads\/2024\/11\/Axel-Hutte.-Sandia-Mountains-1-2008.-Coleccion-FMCMP-600x338.jpg\" class=\"attachment-us_600_338_crop size-us_600_338_crop wp-post-image\" alt=\"\" \/><\/div><div class=\"w-vwrapper usg_vwrapper_1 align_left valign_top\" style=\"--vwrapper-gap: 0.7rem;\"><div class=\"w-post-elm post_custom_field usg_post_custom_field_1 type_text antetitulo color_link_inherit\"><span class=\"w-post-elm-value\">CHRISTMAS WORKSHOP FOR FAMILIES<\/span><\/div><div class=\"w-post-elm post_title usg_post_title_1 align_left color_link_inherit\">CHRISTMAS WORKSHOP FOR FAMILIES<\/div><p class=\"w-post-elm post_custom_field usg_post_custom_field_2 type_text posttitulo color_link_inherit\"><span class=\"w-post-elm-value\"><b> FMCMP MORASVERDES CENTRE<\/b><br \/>\r\n20 & 27 DECEMBER 2025<\/span><\/p><\/div>\t\t<\/div>\r\n\t\t\t<\/article>\r\n<\/div>\t<div class=\"w-grid-preloader\">\r\n\t\t<div class=\"g-preloader type_1\">\r\n\t\t\t<div><\/div>\r\n\t\t<\/div>\r\n\t<\/div>\r\n\t\t<div class=\"w-grid-json hidden\" onclick='return {&quot;action&quot;:&quot;us_ajax_grid&quot;,&quot;infinite_scroll&quot;:0,&quot;max_num_pages&quot;:1,&quot;pagination&quot;:&quot;ajax&quot;,&quot;template_vars&quot;:{&quot;columns&quot;:&quot;3&quot;,&quot;exclude_items&quot;:&quot;none&quot;,&quot;img_size&quot;:&quot;default&quot;,&quot;ignore_items_size&quot;:0,&quot;items_layout&quot;:&quot;56893&quot;,&quot;items_offset&quot;:&quot;1&quot;,&quot;load_animation&quot;:&quot;none&quot;,&quot;overriding_link&quot;:&quot;%7B%22type%22%3A%22post%22%7D&quot;,&quot;post_id&quot;:0,&quot;query_args&quot;:{&quot;post_type&quot;:[&quot;us_portfolio&quot;],&quot;tax_query&quot;:[{&quot;taxonomy&quot;:&quot;us_portfolio_category&quot;,&quot;field&quot;:&quot;slug&quot;,&quot;terms&quot;:[&quot;art-en&quot;,&quot;exposiciones-en&quot;,&quot;exhibitions&quot;]},{&quot;taxonomy&quot;:&quot;us_portfolio_tag&quot;,&quot;field&quot;:&quot;slug&quot;,&quot;terms&quot;:[&quot;morasverdes&quot;]}],&quot;post_status&quot;:[&quot;publish&quot;,&quot;acf-disabled&quot;],&quot;posts_per_page&quot;:&quot;6&quot;},&quot;orderby_query_args&quot;:{&quot;orderby&quot;:{&quot;date&quot;:&quot;DESC&quot;}},&quot;type&quot;:&quot;grid&quot;,&quot;us_grid_post_type&quot;:&quot;us_portfolio&quot;,&quot;us_grid_ajax_index&quot;:2,&quot;us_grid_filter_query_string&quot;:null,&quot;us_grid_index&quot;:2,&quot;page_args&quot;:[],&quot;lang&quot;:&quot;en&quot;}}'><\/div>\r\n\t<\/div>[vc_custom_heading text=&#8221;OTHER ACTIVITIES&#8221; font_container=&#8221;tag:h3|text_align:left&#8221; use_theme_fonts=&#8221;yes&#8221; el_class=&#8221;tituloSeccion&#8221;]<div class=\"w-separator size_small\"><\/div><div class=\"w-grid us_grid type_grid layout_56893 cols_3 pagination_ajax preload_style_spinner\" id=\"us_grid_3\" style=\"--columns:3;--gap:10px;\" data-filterable=\"true\"><style>@media (max-width:1024px){#us_grid_3{--columns:2!important}}@media (max-width:600px){#us_grid_3{--columns:1!important}}<\/style><div class=\"w-grid-list\">\t<article class=\"w-grid-item size_1x1 post-84582 us_portfolio type-us_portfolio status-publish has-post-thumbnail hentry us_portfolio_category-agenda-en us_portfolio_tag-actualidad-en us_portfolio_tag-otras-actividades-en\" data-id=\"84582\">\r\n\t\t<div class=\"w-grid-item-h\">\r\n\t\t\t\t\t\t\t<a href=\"https:\/\/www.fundacioncristinamasaveu.com\/en\/portfolio\/actualidad-exposicion-arte-textil\/\" class=\"w-grid-item-anchor\" aria-label=\"LA FUNDACI\u00d3N MAR\u00cdA CRISTINA MASAVEU PETERSON PRESENTA CERCA DE OCHENTA OBRAS DE ARTE TEXTIL DE LAS COLECCIONES MASAVEU\"><\/a>\r\n\t\t\t\t\t\t<div class=\"w-post-elm post_image usg_post_image_1 stretched\"><img loading=\"lazy\" decoding=\"async\" thumbnail=\"us_600_338_crop\" width=\"600\" height=\"338\" src=\"https:\/\/www.fundacioncristinamasaveu.com\/wp-content\/uploads\/2024\/12\/Moises-salvado-de-las-aguas-detalle.-Manufactura-del-Louvre-h.-1643-1660.-Coleccion-Masaveu-600x338.jpg\" class=\"attachment-us_600_338_crop size-us_600_338_crop wp-post-image\" alt=\"\" \/><\/div><div class=\"w-vwrapper usg_vwrapper_1 align_left valign_top\" style=\"--vwrapper-gap: 0.7rem;\"><div class=\"w-post-elm post_custom_field usg_post_custom_field_1 type_text antetitulo color_link_inherit\"><span class=\"w-post-elm-value\">UNA NUEVA EXPOSICI\u00d3N EN EL CENTRO FMCMP MADRID <\/span><\/div><div class=\"w-post-elm post_title usg_post_title_1 align_left color_link_inherit\">LA FUNDACI\u00d3N MAR\u00cdA CRISTINA MASAVEU PETERSON PRESENTA CERCA DE OCHENTA OBRAS DE ARTE TEXTIL DE LAS COLECCIONES MASAVEU<\/div><p class=\"w-post-elm post_custom_field usg_post_custom_field_2 type_text posttitulo color_link_inherit\"><span class=\"w-post-elm-value\"><b>CENTRO FMCMP MADRID<\/b><\/span><\/p><\/div>\t\t<\/div>\r\n\t\t\t<\/article>\r\n\t<article class=\"w-grid-item size_1x1 post-84419 us_portfolio type-us_portfolio status-publish has-post-thumbnail hentry us_portfolio_category-agenda-en us_portfolio_tag-actualidad-en us_portfolio_tag-otras-actividades-en\" data-id=\"84419\">\r\n\t\t<div class=\"w-grid-item-h\">\r\n\t\t\t\t\t\t\t<a href=\"https:\/\/www.fundacioncristinamasaveu.com\/en\/portfolio\/becas-de-grado\/\" class=\"w-grid-item-anchor\" aria-label=\"LA FUNDACI\u00d3N MAR\u00cdA CRISTINA MASAVEU PETERSON PREMIA LA EXCELENCIA ACAD\u00c9MICA CON SUS BECAS DE GRADO\"><\/a>\r\n\t\t\t\t\t\t<div class=\"w-post-elm post_image usg_post_image_1 stretched\"><img loading=\"lazy\" decoding=\"async\" thumbnail=\"us_600_338_crop\" width=\"600\" height=\"338\" src=\"https:\/\/www.fundacioncristinamasaveu.com\/wp-content\/uploads\/2018\/08\/becas-portadilla-600x338.jpg\" class=\"attachment-us_600_338_crop size-us_600_338_crop wp-post-image\" alt=\"\" srcset=\"https:\/\/www.fundacioncristinamasaveu.com\/wp-content\/uploads\/2018\/08\/becas-portadilla-600x338.jpg 600w, https:\/\/www.fundacioncristinamasaveu.com\/wp-content\/uploads\/2018\/08\/becas-portadilla-300x169.jpg 300w, https:\/\/www.fundacioncristinamasaveu.com\/wp-content\/uploads\/2018\/08\/becas-portadilla-1024x576.jpg 1024w, https:\/\/www.fundacioncristinamasaveu.com\/wp-content\/uploads\/2018\/08\/becas-portadilla-768x432.jpg 768w, https:\/\/www.fundacioncristinamasaveu.com\/wp-content\/uploads\/2018\/08\/becas-portadilla.jpg 1200w\" sizes=\"auto, (max-width: 600px) 100vw, 600px\" \/><\/div><div class=\"w-vwrapper usg_vwrapper_1 align_left valign_top\" style=\"--vwrapper-gap: 0.7rem;\"><div class=\"w-post-elm post_custom_field usg_post_custom_field_1 type_text antetitulo color_link_inherit\"><span class=\"w-post-elm-value\">FORMACI\u00d3N E INVESTIGACI\u00d3N<\/span><\/div><div class=\"w-post-elm post_title usg_post_title_1 align_left color_link_inherit\">LA FUNDACI\u00d3N MAR\u00cdA CRISTINA MASAVEU PETERSON PREMIA LA EXCELENCIA ACAD\u00c9MICA CON SUS BECAS DE GRADO<\/div><p class=\"w-post-elm post_custom_field usg_post_custom_field_2 type_text posttitulo color_link_inherit\"><span class=\"w-post-elm-value\"><b>IX CONVOCATORIA BECAS DE GRADO MAR\u00cdA CRISTINA MASAVEU PETERSON<\/b><\/span><\/p><\/div>\t\t<\/div>\r\n\t\t\t<\/article>\r\n\t<article class=\"w-grid-item size_1x1 post-84376 us_portfolio type-us_portfolio status-publish has-post-thumbnail hentry us_portfolio_category-agenda-en us_portfolio_category-arte-y-cultura-en us_portfolio_category-actividades-culturales-en us_portfolio_tag-actualidad-en us_portfolio_tag-otras-actividades-en\" data-id=\"84376\">\r\n\t\t<div class=\"w-grid-item-h\">\r\n\t\t\t\t\t\t\t<a href=\"https:\/\/www.fundacioncristinamasaveu.com\/en\/portfolio\/fidma-2026-en\/\" class=\"w-grid-item-anchor\" aria-label=\"20 YEARS IN ASTURIAS (2006\u20132026)\"><\/a>\r\n\t\t\t\t\t\t<div class=\"w-post-elm post_image usg_post_image_1 stretched\"><img loading=\"lazy\" decoding=\"async\" thumbnail=\"us_600_338_crop\" width=\"600\" height=\"338\" src=\"https:\/\/www.fundacioncristinamasaveu.com\/wp-content\/uploads\/2026\/06\/Vista-Santuario-Covadonga.-Foto-Kike-Llamas.-Fundacion-Maria-Cristina-Masaveu-Peterson-600x338.jpg\" class=\"attachment-us_600_338_crop size-us_600_338_crop wp-post-image\" alt=\"\" \/><\/div><div class=\"w-vwrapper usg_vwrapper_1 align_left valign_top\" style=\"--vwrapper-gap: 0.7rem;\"><div class=\"w-post-elm post_custom_field usg_post_custom_field_1 type_text antetitulo color_link_inherit\"><span class=\"w-post-elm-value\">EXHIBITION<\/span><\/div><div class=\"w-post-elm post_title usg_post_title_1 align_left color_link_inherit\">20 YEARS IN ASTURIAS (2006\u20132026)<\/div><p class=\"w-post-elm post_custom_field usg_post_custom_field_2 type_text posttitulo color_link_inherit\"><span class=\"w-post-elm-value\"><b>69TH INTERNATIONAL TRADE SHOW OF ASTURIAS<\/b><br \/>\r\nMASAVEU CORPORATION PAVILION, LUIS ADARO EXHIBITION CENTRE OF ASTURIAS<br \/>\r\nAUGUST 1\u201316, 2026<\/span><\/p><\/div>\t\t<\/div>\r\n\t\t\t<\/article>\r\n<\/div>\t<div class=\"w-grid-preloader\">\r\n\t\t<div class=\"g-preloader type_1\">\r\n\t\t\t<div><\/div>\r\n\t\t<\/div>\r\n\t<\/div>\r\n\t\t\t\t<div class=\"g-loadmore\">\r\n\t\t\t\t<div class=\"g-preloader type_1\">\r\n\t\t\t\t\t<div><\/div>\r\n\t\t\t\t<\/div>\r\n\t\t\t\t<button type=\"button\" class=\"w-btn us-btn-style_3\" style=\"font-size:0.8rem;\">\r\n\t\t\t\t\t<span class=\"w-btn-label\">View more activities &gt;<\/span>\r\n\t\t\t\t<\/button>\r\n\t\t\t<\/div>\r\n\t\t\t\t<div class=\"w-grid-json hidden\" onclick='return {&quot;action&quot;:&quot;us_ajax_grid&quot;,&quot;infinite_scroll&quot;:0,&quot;max_num_pages&quot;:13,&quot;pagination&quot;:&quot;ajax&quot;,&quot;template_vars&quot;:{&quot;columns&quot;:&quot;3&quot;,&quot;exclude_items&quot;:&quot;none&quot;,&quot;img_size&quot;:&quot;default&quot;,&quot;ignore_items_size&quot;:0,&quot;items_layout&quot;:&quot;56893&quot;,&quot;items_offset&quot;:&quot;1&quot;,&quot;load_animation&quot;:&quot;none&quot;,&quot;overriding_link&quot;:&quot;%7B%22type%22%3A%22post%22%7D&quot;,&quot;post_id&quot;:0,&quot;query_args&quot;:{&quot;post_type&quot;:[&quot;us_portfolio&quot;],&quot;tax_query&quot;:[{&quot;taxonomy&quot;:&quot;us_portfolio_tag&quot;,&quot;field&quot;:&quot;slug&quot;,&quot;terms&quot;:[&quot;otras-actividades&quot;]}],&quot;post_status&quot;:[&quot;publish&quot;,&quot;acf-disabled&quot;],&quot;posts_per_page&quot;:&quot;3&quot;},&quot;orderby_query_args&quot;:{&quot;orderby&quot;:{&quot;date&quot;:&quot;DESC&quot;}},&quot;type&quot;:&quot;grid&quot;,&quot;us_grid_post_type&quot;:&quot;us_portfolio&quot;,&quot;us_grid_ajax_index&quot;:3,&quot;us_grid_filter_query_string&quot;:null,&quot;us_grid_index&quot;:3,&quot;page_args&quot;:[],&quot;lang&quot;:&quot;en&quot;}}'><\/div>\r\n\t<\/div><div class=\"w-separator size_small with_line width_default thick_1 style_solid color_custom align_center with_text with_content\"><div class=\"w-separator-h\"><h6 class=\"w-separator-text\"><span>SEARCH<\/span><\/h6><\/div><\/div><div class=\"wpb_text_column\"><div class=\"wpb_wrapper\"><p style=\"text-align: center;\"><form data-sf-form-id='40448' data-is-rtl='0' data-maintain-state='' data-results-url='https:\/\/www.fundacioncristinamasaveu.com\/en\/?sfid=40448' data-ajax-url='https:\/\/www.fundacioncristinamasaveu.com\/en\/?sfid=40448&amp;sf_data=all' data-ajax-form-url='https:\/\/www.fundacioncristinamasaveu.com\/en\/?sfid=40448&amp;sf_action=get_data&amp;sf_data=form' data-display-result-method='archive' data-use-history-api='1' data-template-loaded='0' data-lang-code='en' data-ajax='1' data-ajax-data-type='html' data-ajax-links-selector='.g-loadmore a' data-ajax-target='#resultados_busqueda' data-ajax-pagination-type='infinite_scroll' data-show-scroll-loader='1' data-infinite-scroll-trigger='-100' data-update-ajax-url='0' data-only-results-ajax='1' data-scroll-to-pos='0' data-init-paged='1' data-auto-update='' data-auto-count='1' data-auto-count-refresh-mode='1' action='https:\/\/www.fundacioncristinamasaveu.com\/en\/?sfid=40448' method='post' class='searchandfilter' id='search-filter-form-40448' autocomplete='off' data-instance-count='1'><ul><li class=\"sf-field-taxonomy-us_portfolio_category\" data-sf-field-name=\"_sft_us_portfolio_category\" data-sf-field-type=\"taxonomy\" data-sf-field-input-type=\"checkbox\" data-sf-term-rewrite='[\"https:\\\/\\\/www.fundacioncristinamasaveu.com\\\/en\\\/portfolio_cat\\\/[0]\\\/\"]'><h4>Uno<\/h4>\t\t<ul data-operator=\"or\" class=\"\">\n\t\t\t\t\t  <li class=\"sf-level-0 sf-item-529\" data-sf-count=\"108\" data-sf-depth=\"0\"><input  class=\"sf-input-checkbox\" type=\"checkbox\" value=\"art-en\" name=\"_sft_us_portfolio_category[]\" id=\"sf-input-2c4db2e200b02457cc58da6ce782b798\"><label class=\"sf-label-checkbox\" for=\"sf-input-2c4db2e200b02457cc58da6ce782b798\">Art<\/label><\/li><li class=\"sf-level-0 sf-item-971\" data-sf-count=\"5\" data-sf-depth=\"0\"><input  class=\"sf-input-checkbox\" type=\"checkbox\" value=\"conferencia-madre\" name=\"_sft_us_portfolio_category[]\" id=\"sf-input-fe67f5b17f9fd5fd250b982b6a134fbd\"><label class=\"sf-label-checkbox\" for=\"sf-input-fe67f5b17f9fd5fd250b982b6a134fbd\">Conferencia madre<\/label><\/li><li class=\"sf-level-0 sf-item-960\" data-sf-count=\"1\" data-sf-depth=\"0\"><input  class=\"sf-input-checkbox\" type=\"checkbox\" value=\"gentileschi-artemisia\" name=\"_sft_us_portfolio_category[]\" id=\"sf-input-53b44d235e7fd43bd515477b7720168c\"><label class=\"sf-label-checkbox\" for=\"sf-input-53b44d235e7fd43bd515477b7720168c\">Gentileschi, Artemisia<\/label><\/li><li class=\"sf-level-0 sf-item-963\" data-sf-count=\"3\" data-sf-depth=\"0\"><input  class=\"sf-input-checkbox\" type=\"checkbox\" value=\"navidad-2025\" name=\"_sft_us_portfolio_category[]\" id=\"sf-input-2a04302b4655c595d3f9a8be1c6390c1\"><label class=\"sf-label-checkbox\" for=\"sf-input-2a04302b4655c595d3f9a8be1c6390c1\">Navidad 2025<\/label><\/li><li class=\"sf-level-0 sf-item-973\" data-sf-count=\"6\" data-sf-depth=\"0\"><input  class=\"sf-input-checkbox\" type=\"checkbox\" value=\"obrasenprestamo-fmcmp\" name=\"_sft_us_portfolio_category[]\" id=\"sf-input-801fcef1271a7e2474a31ffcbe460d6b\"><label class=\"sf-label-checkbox\" for=\"sf-input-801fcef1271a7e2474a31ffcbe460d6b\">Obras en pr\u00e9stamo FMCMP<\/label><\/li><li class=\"sf-level-0 sf-item-535\" data-sf-count=\"66\" data-sf-depth=\"0\"><input  class=\"sf-input-checkbox\" type=\"checkbox\" value=\"formacion-en\" name=\"_sft_us_portfolio_category[]\" id=\"sf-input-d790a964ec09184f3885405ac5f6acb6\"><label class=\"sf-label-checkbox\" for=\"sf-input-d790a964ec09184f3885405ac5f6acb6\">Professional Training<\/label><\/li><li class=\"sf-level-0 sf-item-957\" data-sf-count=\"2\" data-sf-depth=\"0\"><input  class=\"sf-input-checkbox\" type=\"checkbox\" value=\"programa-de-mayores-en\" name=\"_sft_us_portfolio_category[]\" id=\"sf-input-0a3f37b1feaa838c3cc0b1b386b4a3ac\"><label class=\"sf-label-checkbox\" for=\"sf-input-0a3f37b1feaa838c3cc0b1b386b4a3ac\">Programa de mayores<\/label><\/li><li class=\"sf-level-0 sf-item-121\" data-sf-count=\"9\" data-sf-depth=\"0\"><input  class=\"sf-input-checkbox\" type=\"checkbox\" value=\"scientific-research\" name=\"_sft_us_portfolio_category[]\" id=\"sf-input-fd85b205c5fd52c0f80b6e987bc2c91a\"><label class=\"sf-label-checkbox\" for=\"sf-input-fd85b205c5fd52c0f80b6e987bc2c91a\">SCIENTIFIC RESEARCH<\/label><\/li><li class=\"sf-level-0 sf-item-965\" data-sf-count=\"2\" data-sf-depth=\"0\"><input  class=\"sf-input-checkbox\" type=\"checkbox\" value=\"taller-familias\" name=\"_sft_us_portfolio_category[]\" id=\"sf-input-88229e9ba644761f42a66d18c1648bd8\"><label class=\"sf-label-checkbox\" for=\"sf-input-88229e9ba644761f42a66d18c1648bd8\">Taller familias<\/label><\/li>\t\t<\/ul>\n\t\t<\/li><li class=\"sf-field-taxonomy-us_portfolio_category\" data-sf-field-name=\"_sft_us_portfolio_category\" data-sf-field-type=\"taxonomy\" data-sf-field-input-type=\"checkbox\" data-sf-term-rewrite='[\"https:\\\/\\\/www.fundacioncristinamasaveu.com\\\/en\\\/portfolio_cat\\\/[0]\\\/\"]'><h4>Dos<\/h4>\t\t<ul data-operator=\"and\" class=\"\">\n\t\t\t\t\t  <li class=\"sf-level-0 sf-item-973\" data-sf-count=\"6\" data-sf-depth=\"0\"><input  class=\"sf-input-checkbox\" type=\"checkbox\" value=\"obrasenprestamo-fmcmp\" name=\"_sft_us_portfolio_category[]\" id=\"sf-input-801fcef1271a7e2474a31ffcbe460d6b\"><label class=\"sf-label-checkbox\" for=\"sf-input-801fcef1271a7e2474a31ffcbe460d6b\">Obras en pr\u00e9stamo FMCMP<\/label><\/li><li class=\"sf-level-0 sf-item-971\" data-sf-count=\"5\" data-sf-depth=\"0\"><input  class=\"sf-input-checkbox\" type=\"checkbox\" value=\"conferencia-madre\" name=\"_sft_us_portfolio_category[]\" id=\"sf-input-fe67f5b17f9fd5fd250b982b6a134fbd\"><label class=\"sf-label-checkbox\" for=\"sf-input-fe67f5b17f9fd5fd250b982b6a134fbd\">Conferencia madre<\/label><\/li><li class=\"sf-level-0 sf-item-965\" data-sf-count=\"2\" data-sf-depth=\"0\"><input  class=\"sf-input-checkbox\" type=\"checkbox\" value=\"taller-familias\" name=\"_sft_us_portfolio_category[]\" id=\"sf-input-88229e9ba644761f42a66d18c1648bd8\"><label class=\"sf-label-checkbox\" for=\"sf-input-88229e9ba644761f42a66d18c1648bd8\">Taller familias<\/label><\/li><li class=\"sf-level-0 sf-item-963\" data-sf-count=\"3\" data-sf-depth=\"0\"><input  class=\"sf-input-checkbox\" type=\"checkbox\" value=\"navidad-2025\" name=\"_sft_us_portfolio_category[]\" id=\"sf-input-2a04302b4655c595d3f9a8be1c6390c1\"><label class=\"sf-label-checkbox\" for=\"sf-input-2a04302b4655c595d3f9a8be1c6390c1\">Navidad 2025<\/label><\/li><li class=\"sf-level-0 sf-item-960\" data-sf-count=\"1\" data-sf-depth=\"0\"><input  class=\"sf-input-checkbox\" type=\"checkbox\" value=\"gentileschi-artemisia\" name=\"_sft_us_portfolio_category[]\" id=\"sf-input-53b44d235e7fd43bd515477b7720168c\"><label class=\"sf-label-checkbox\" for=\"sf-input-53b44d235e7fd43bd515477b7720168c\">Gentileschi, Artemisia<\/label><\/li><li class=\"sf-level-0 sf-item-957\" data-sf-count=\"2\" data-sf-depth=\"0\"><input  class=\"sf-input-checkbox\" type=\"checkbox\" value=\"programa-de-mayores-en\" name=\"_sft_us_portfolio_category[]\" id=\"sf-input-0a3f37b1feaa838c3cc0b1b386b4a3ac\"><label class=\"sf-label-checkbox\" for=\"sf-input-0a3f37b1feaa838c3cc0b1b386b4a3ac\">Programa de mayores<\/label><\/li><li class=\"sf-level-0 sf-item-891\" data-sf-count=\"0\" data-sf-depth=\"0\"><input  class=\"sf-input-checkbox\" type=\"checkbox\" value=\"other-instititutions\" name=\"_sft_us_portfolio_category[]\" id=\"sf-input-3cfad090b73000e7c66d94c6c456dda7\"><label class=\"sf-label-checkbox\" for=\"sf-input-3cfad090b73000e7c66d94c6c456dda7\">Other instititutions<\/label><\/li><li class=\"sf-level-0 sf-item-867\" data-sf-count=\"10\" data-sf-depth=\"0\"><input  class=\"sf-input-checkbox\" type=\"checkbox\" value=\"main-conference\" name=\"_sft_us_portfolio_category[]\" id=\"sf-input-9d193c691d770ba15ea8f2ee825af98e\"><label class=\"sf-label-checkbox\" for=\"sf-input-9d193c691d770ba15ea8f2ee825af98e\">Main Conference<\/label><\/li><li class=\"sf-level-0 sf-item-742\" data-sf-count=\"17\" data-sf-depth=\"0\"><input  class=\"sf-input-checkbox\" type=\"checkbox\" value=\"programme-for-schools\" name=\"_sft_us_portfolio_category[]\" id=\"sf-input-3337ca396e9316dffcccbea31b2f5caa\"><label class=\"sf-label-checkbox\" for=\"sf-input-3337ca396e9316dffcccbea31b2f5caa\">Programme for schools<\/label><\/li><li class=\"sf-level-0 sf-item-737\" data-sf-count=\"10\" data-sf-depth=\"0\"><input  class=\"sf-input-checkbox\" type=\"checkbox\" value=\"guided-tours\" name=\"_sft_us_portfolio_category[]\" id=\"sf-input-44e59ada25f722d902b76ab2f93557da\"><label class=\"sf-label-checkbox\" for=\"sf-input-44e59ada25f722d902b76ab2f93557da\">Guided tours<\/label><\/li><li class=\"sf-level-0 sf-item-633\" data-sf-count=\"12\" data-sf-depth=\"0\"><input  class=\"sf-input-checkbox\" type=\"checkbox\" value=\"projects-and-patronage\" name=\"_sft_us_portfolio_category[]\" id=\"sf-input-99f80365bbb8537f05a7037d319ee0fe\"><label class=\"sf-label-checkbox\" for=\"sf-input-99f80365bbb8537f05a7037d319ee0fe\">Projects and patronage<\/label><\/li><li class=\"sf-level-0 sf-item-632\" data-sf-count=\"2\" data-sf-depth=\"0\"><input  class=\"sf-input-checkbox\" type=\"checkbox\" value=\"online-educational-resources\" name=\"_sft_us_portfolio_category[]\" id=\"sf-input-b195bdc272a42b8aa26c57010adb152f\"><label class=\"sf-label-checkbox\" for=\"sf-input-b195bdc272a42b8aa26c57010adb152f\">Online educational resources<\/label><\/li><li class=\"sf-level-0 sf-item-629\" data-sf-count=\"16\" data-sf-depth=\"0\"><input  class=\"sf-input-checkbox\" type=\"checkbox\" value=\"conferences-and-talks\" name=\"_sft_us_portfolio_category[]\" id=\"sf-input-83f1aad9aa0f19c38f6e7aa3a1f1a0d4\"><label class=\"sf-label-checkbox\" for=\"sf-input-83f1aad9aa0f19c38f6e7aa3a1f1a0d4\">Conferences and talks<\/label><\/li><li class=\"sf-level-0 sf-item-628\" data-sf-count=\"0\" data-sf-depth=\"0\"><input  class=\"sf-input-checkbox\" type=\"checkbox\" value=\"scheduled-activities\" name=\"_sft_us_portfolio_category[]\" id=\"sf-input-9380234f0eb3c5b897c7f59e3cd1ebb8\"><label class=\"sf-label-checkbox\" for=\"sf-input-9380234f0eb3c5b897c7f59e3cd1ebb8\">Scheduled activities<\/label><\/li><li class=\"sf-level-0 sf-item-541\" data-sf-count=\"31\" data-sf-depth=\"0\"><input  class=\"sf-input-checkbox\" type=\"checkbox\" value=\"patrimonio-en\" name=\"_sft_us_portfolio_category[]\" id=\"sf-input-590cce78c8ae138ec12064c67104ae1b\"><label class=\"sf-label-checkbox\" for=\"sf-input-590cce78c8ae138ec12064c67104ae1b\">Heritage<\/label><\/li><li class=\"sf-level-0 sf-item-539\" data-sf-count=\"14\" data-sf-depth=\"0\"><input  class=\"sf-input-checkbox\" type=\"checkbox\" value=\"musica-artes-escenicas-en\" name=\"_sft_us_portfolio_category[]\" id=\"sf-input-449382a85dfef73a4b7081a4bda0745c\"><label class=\"sf-label-checkbox\" for=\"sf-input-449382a85dfef73a4b7081a4bda0745c\">Music | Scenic Arts<\/label><\/li><li class=\"sf-level-0 sf-item-534\" data-sf-count=\"12\" data-sf-depth=\"0\"><input  class=\"sf-input-checkbox\" type=\"checkbox\" value=\"creacion-artistica-en\" name=\"_sft_us_portfolio_category[]\" id=\"sf-input-cad4c8a70ea182a4cd4aa7fd01e720b5\"><label class=\"sf-label-checkbox\" for=\"sf-input-cad4c8a70ea182a4cd4aa7fd01e720b5\">Artistic Creation<\/label><\/li><li class=\"sf-level-0 sf-item-531\" data-sf-count=\"9\" data-sf-depth=\"0\"><input  class=\"sf-input-checkbox\" type=\"checkbox\" value=\"scholarships\" name=\"_sft_us_portfolio_category[]\" id=\"sf-input-8fdad3a71a3b0d01f8ea786c0efc2ba9\"><label class=\"sf-label-checkbox\" for=\"sf-input-8fdad3a71a3b0d01f8ea786c0efc2ba9\">Scholarships<\/label><\/li><li class=\"sf-level-0 sf-item-525\" data-sf-count=\"54\" data-sf-depth=\"0\"><input  class=\"sf-input-checkbox\" type=\"checkbox\" value=\"publications\" name=\"_sft_us_portfolio_category[]\" id=\"sf-input-2f81d421e5e40ba1977249de4adacb82\"><label class=\"sf-label-checkbox\" for=\"sf-input-2f81d421e5e40ba1977249de4adacb82\">Publications<\/label><\/li><li class=\"sf-level-0 sf-item-524\" data-sf-count=\"39\" data-sf-depth=\"0\"><input  class=\"sf-input-checkbox\" type=\"checkbox\" value=\"exhibitions\" name=\"_sft_us_portfolio_category[]\" id=\"sf-input-c236ca16f648ea0a0e0a5ad38a823125\"><label class=\"sf-label-checkbox\" for=\"sf-input-c236ca16f648ea0a0e0a5ad38a823125\">EXHIBITIONS<\/label><\/li>\t\t<\/ul>\n\t\t<\/li><li class=\"sf-field-taxonomy-us_portfolio_category\" data-sf-field-name=\"_sft_us_portfolio_category\" data-sf-field-type=\"taxonomy\" data-sf-field-input-type=\"checkbox\" data-sf-term-rewrite='[\"https:\\\/\\\/www.fundacioncristinamasaveu.com\\\/en\\\/portfolio_cat\\\/[0]\\\/\"]'>\t\t<ul data-operator=\"and\" class=\"\">\n\t\t\t\t\t  <li class=\"sf-level-0 sf-item-530\" data-sf-count=\"17\" data-sf-depth=\"0\"><input  class=\"sf-input-checkbox\" type=\"checkbox\" value=\"fmcmp-collection\" name=\"_sft_us_portfolio_category[]\" id=\"sf-input-bed18cccdccc41b3e3a983f276599955\"><label class=\"sf-label-checkbox\" for=\"sf-input-bed18cccdccc41b3e3a983f276599955\">FMCMP Collection<\/label><\/li><li class=\"sf-level-0 sf-item-533\" data-sf-count=\"9\" data-sf-depth=\"0\"><input  class=\"sf-input-checkbox\" type=\"checkbox\" value=\"masaveu-collection\" name=\"_sft_us_portfolio_category[]\" id=\"sf-input-6c6a4acb9cec935d923eca244b1e5fe8\"><label class=\"sf-label-checkbox\" for=\"sf-input-6c6a4acb9cec935d923eca244b1e5fe8\">Masaveu Collection<\/label><\/li><li class=\"sf-level-0 sf-item-891\" data-sf-count=\"0\" data-sf-depth=\"0\"><input  class=\"sf-input-checkbox\" type=\"checkbox\" value=\"other-instititutions\" name=\"_sft_us_portfolio_category[]\" id=\"sf-input-3cfad090b73000e7c66d94c6c456dda7\"><label class=\"sf-label-checkbox\" for=\"sf-input-3cfad090b73000e7c66d94c6c456dda7\">Other instititutions<\/label><\/li><li class=\"sf-level-0 sf-item-957\" data-sf-count=\"2\" data-sf-depth=\"0\"><input  class=\"sf-input-checkbox\" type=\"checkbox\" value=\"programa-de-mayores-en\" name=\"_sft_us_portfolio_category[]\" id=\"sf-input-0a3f37b1feaa838c3cc0b1b386b4a3ac\"><label class=\"sf-label-checkbox\" for=\"sf-input-0a3f37b1feaa838c3cc0b1b386b4a3ac\">Programa de mayores<\/label><\/li><li class=\"sf-level-0 sf-item-960\" data-sf-count=\"1\" data-sf-depth=\"0\"><input  class=\"sf-input-checkbox\" type=\"checkbox\" value=\"gentileschi-artemisia\" name=\"_sft_us_portfolio_category[]\" id=\"sf-input-53b44d235e7fd43bd515477b7720168c\"><label class=\"sf-label-checkbox\" for=\"sf-input-53b44d235e7fd43bd515477b7720168c\">Gentileschi, Artemisia<\/label><\/li><li class=\"sf-level-0 sf-item-963\" data-sf-count=\"3\" data-sf-depth=\"0\"><input  class=\"sf-input-checkbox\" type=\"checkbox\" value=\"navidad-2025\" name=\"_sft_us_portfolio_category[]\" id=\"sf-input-2a04302b4655c595d3f9a8be1c6390c1\"><label class=\"sf-label-checkbox\" for=\"sf-input-2a04302b4655c595d3f9a8be1c6390c1\">Navidad 2025<\/label><\/li><li class=\"sf-level-0 sf-item-965\" data-sf-count=\"2\" data-sf-depth=\"0\"><input  class=\"sf-input-checkbox\" type=\"checkbox\" value=\"taller-familias\" name=\"_sft_us_portfolio_category[]\" id=\"sf-input-88229e9ba644761f42a66d18c1648bd8\"><label class=\"sf-label-checkbox\" for=\"sf-input-88229e9ba644761f42a66d18c1648bd8\">Taller familias<\/label><\/li><li class=\"sf-level-0 sf-item-971\" data-sf-count=\"5\" data-sf-depth=\"0\"><input  class=\"sf-input-checkbox\" type=\"checkbox\" value=\"conferencia-madre\" name=\"_sft_us_portfolio_category[]\" id=\"sf-input-fe67f5b17f9fd5fd250b982b6a134fbd\"><label class=\"sf-label-checkbox\" for=\"sf-input-fe67f5b17f9fd5fd250b982b6a134fbd\">Conferencia madre<\/label><\/li><li class=\"sf-level-0 sf-item-973\" data-sf-count=\"6\" data-sf-depth=\"0\"><input  class=\"sf-input-checkbox\" type=\"checkbox\" value=\"obrasenprestamo-fmcmp\" name=\"_sft_us_portfolio_category[]\" id=\"sf-input-801fcef1271a7e2474a31ffcbe460d6b\"><label class=\"sf-label-checkbox\" for=\"sf-input-801fcef1271a7e2474a31ffcbe460d6b\">Obras en pr\u00e9stamo FMCMP<\/label><\/li>\t\t<\/ul>\n\t\t<\/li><li class=\"sf-field-taxonomy-us_portfolio_category\" data-sf-field-name=\"_sft_us_portfolio_category\" data-sf-field-type=\"taxonomy\" data-sf-field-input-type=\"checkbox\" data-sf-term-rewrite='[\"https:\\\/\\\/www.fundacioncristinamasaveu.com\\\/en\\\/portfolio_cat\\\/[0]\\\/\"]'>\t\t<ul data-operator=\"and\" class=\"\">\n\t\t\t\t\t  <li class=\"sf-level-0 sf-item-526\" data-sf-count=\"120\" data-sf-depth=\"0\"><input  class=\"sf-input-checkbox\" type=\"checkbox\" value=\"madrid-en\" name=\"_sft_us_portfolio_category[]\" id=\"sf-input-ff479d424ddaa62b873c1463b9f68467\"><label class=\"sf-label-checkbox\" for=\"sf-input-ff479d424ddaa62b873c1463b9f68467\">FMCMP Madrid Headquarters<\/label><\/li><li class=\"sf-level-0 sf-item-538\" data-sf-count=\"6\" data-sf-depth=\"0\"><input  class=\"sf-input-checkbox\" type=\"checkbox\" value=\"morasverdes-en\" name=\"_sft_us_portfolio_category[]\" id=\"sf-input-d23385b7fc49d0074944942b854640cf\"><label class=\"sf-label-checkbox\" for=\"sf-input-d23385b7fc49d0074944942b854640cf\">FMCMP Morasverdes<\/label><\/li><li class=\"sf-level-0 sf-item-540\" data-sf-count=\"0\" data-sf-depth=\"0\"><input  class=\"sf-input-checkbox\" type=\"checkbox\" value=\"palacio-de-hevia-en\" name=\"_sft_us_portfolio_category[]\" id=\"sf-input-03f27ed2434cb7663817f98f64f31de1\"><label class=\"sf-label-checkbox\" for=\"sf-input-03f27ed2434cb7663817f98f64f31de1\">FMCMP Palacio de Hevia<\/label><\/li><li class=\"sf-level-0 sf-item-891\" data-sf-count=\"0\" data-sf-depth=\"0\"><input  class=\"sf-input-checkbox\" type=\"checkbox\" value=\"other-instititutions\" name=\"_sft_us_portfolio_category[]\" id=\"sf-input-3cfad090b73000e7c66d94c6c456dda7\"><label class=\"sf-label-checkbox\" for=\"sf-input-3cfad090b73000e7c66d94c6c456dda7\">Other instititutions<\/label><\/li><li class=\"sf-level-0 sf-item-957\" data-sf-count=\"2\" data-sf-depth=\"0\"><input  class=\"sf-input-checkbox\" type=\"checkbox\" value=\"programa-de-mayores-en\" name=\"_sft_us_portfolio_category[]\" id=\"sf-input-0a3f37b1feaa838c3cc0b1b386b4a3ac\"><label class=\"sf-label-checkbox\" for=\"sf-input-0a3f37b1feaa838c3cc0b1b386b4a3ac\">Programa de mayores<\/label><\/li><li class=\"sf-level-0 sf-item-960\" data-sf-count=\"1\" data-sf-depth=\"0\"><input  class=\"sf-input-checkbox\" type=\"checkbox\" value=\"gentileschi-artemisia\" name=\"_sft_us_portfolio_category[]\" id=\"sf-input-53b44d235e7fd43bd515477b7720168c\"><label class=\"sf-label-checkbox\" for=\"sf-input-53b44d235e7fd43bd515477b7720168c\">Gentileschi, Artemisia<\/label><\/li><li class=\"sf-level-0 sf-item-963\" data-sf-count=\"3\" data-sf-depth=\"0\"><input  class=\"sf-input-checkbox\" type=\"checkbox\" value=\"navidad-2025\" name=\"_sft_us_portfolio_category[]\" id=\"sf-input-2a04302b4655c595d3f9a8be1c6390c1\"><label class=\"sf-label-checkbox\" for=\"sf-input-2a04302b4655c595d3f9a8be1c6390c1\">Navidad 2025<\/label><\/li><li class=\"sf-level-0 sf-item-965\" data-sf-count=\"2\" data-sf-depth=\"0\"><input  class=\"sf-input-checkbox\" type=\"checkbox\" value=\"taller-familias\" name=\"_sft_us_portfolio_category[]\" id=\"sf-input-88229e9ba644761f42a66d18c1648bd8\"><label class=\"sf-label-checkbox\" for=\"sf-input-88229e9ba644761f42a66d18c1648bd8\">Taller familias<\/label><\/li><li class=\"sf-level-0 sf-item-971\" data-sf-count=\"5\" data-sf-depth=\"0\"><input  class=\"sf-input-checkbox\" type=\"checkbox\" value=\"conferencia-madre\" name=\"_sft_us_portfolio_category[]\" id=\"sf-input-fe67f5b17f9fd5fd250b982b6a134fbd\"><label class=\"sf-label-checkbox\" for=\"sf-input-fe67f5b17f9fd5fd250b982b6a134fbd\">Conferencia madre<\/label><\/li><li class=\"sf-level-0 sf-item-973\" data-sf-count=\"6\" data-sf-depth=\"0\"><input  class=\"sf-input-checkbox\" type=\"checkbox\" value=\"obrasenprestamo-fmcmp\" name=\"_sft_us_portfolio_category[]\" id=\"sf-input-801fcef1271a7e2474a31ffcbe460d6b\"><label class=\"sf-label-checkbox\" for=\"sf-input-801fcef1271a7e2474a31ffcbe460d6b\">Obras en pr\u00e9stamo FMCMP<\/label><\/li>\t\t<\/ul>\n\t\t<\/li><li class=\"sf-field-search\" data-sf-field-name=\"search\" data-sf-field-type=\"search\" data-sf-field-input-type=\"\">\t\t<label>\n\t\t\t\t   <input placeholder=\"\" name=\"_sf_search[]\" class=\"sf-input-text\" type=\"text\" value=\"\" title=\"\"><\/label>\t\t<\/li><li class=\"sf-field-submit\" data-sf-field-name=\"submit\" data-sf-field-type=\"submit\" data-sf-field-input-type=\"\"><input type=\"submit\" name=\"_sf_submit\" value=\"Search\"><\/li><\/ul><\/form><\/p>\n<\/div><\/div><\/div><\/div><\/div><\/div><\/div><\/section>\n<div class=\"gsp_post_data\" \r\n\t            data-post_type=\"page\" \r\n\t            data-cat=\"\" \r\n\t            data-modified=\"120\"\r\n\t            data-created=\"1479385371\"\r\n\t            data-title=\"CULTURAL PROJECTS\" \r\n\t            data-home=\"https:\/\/www.fundacioncristinamasaveu.com\/en\/\"><\/div>","protected":false},"excerpt":{"rendered":"Home 20 YEARS IN ASTURIAS (2006-2026) INTERNATIONAL TRADE SHOW OF ASTURIAS (FIDMA) GIJ\u00d3N 1-16 AUGUST, 2026 Fundaci\u00f3n Mar\u00eda Cristina Masaveu Peterson is participating in the 69th International Trade Show of Asturias, where it has set up an exhibition space featuring some of the most important initiatives the foundation has supported in Asturias over the last...","protected":false},"author":1,"featured_media":54073,"parent":4522,"menu_order":0,"comment_status":"closed","ping_status":"closed","template":"","meta":{"_acf_changed":false,"footnotes":"","_links_to":"","_links_to_target":""},"class_list":["post-4639","page","type-page","status-publish","has-post-thumbnail","hentry"],"acf":[],"yoast_head":"<!-- This site is optimized with the Yoast SEO plugin v28.2 - https:\/\/yoast.com\/product\/yoast-seo-wordpress\/ -->\n<title>CULTURAL PROJECTS - Fundaci\u00f3n Maria Cristina Masaveu Peterson<\/title>\n<meta name=\"robots\" content=\"index, follow, max-snippet:-1, max-image-preview:large, max-video-preview:-1\" \/>\n<link rel=\"canonical\" href=\"https:\/\/www.fundacioncristinamasaveu.com\/en\/activity\/cultural-projects\/\" \/>\n<meta property=\"og:locale\" content=\"en_US\" \/>\n<meta property=\"og:type\" content=\"article\" \/>\n<meta property=\"og:title\" content=\"CULTURAL PROJECTS - Fundaci\u00f3n Maria Cristina Masaveu Peterson\" \/>\n<meta property=\"og:url\" content=\"https:\/\/www.fundacioncristinamasaveu.com\/en\/activity\/cultural-projects\/\" \/>\n<meta property=\"og:site_name\" content=\"Fundaci\u00f3n Maria Cristina Masaveu Peterson\" \/>\n<meta property=\"article:modified_time\" content=\"2025-12-16T10:55:57+00:00\" \/>\n<meta property=\"og:image\" content=\"https:\/\/www.fundacioncristinamasaveu.com\/wp-content\/uploads\/2019\/12\/Cabecera-ok-Sorolla-jpg.jpg\" \/>\n\t<meta property=\"og:image:width\" content=\"1500\" \/>\n\t<meta property=\"og:image:height\" content=\"850\" \/>\n\t<meta property=\"og:image:type\" content=\"image\/jpeg\" \/>\n<meta name=\"twitter:card\" content=\"summary_large_image\" \/>\n<meta name=\"twitter:label1\" content=\"Est. reading time\" \/>\n\t<meta name=\"twitter:data1\" content=\"1 minute\" \/>\n<script type=\"application\/ld+json\" class=\"yoast-schema-graph\">{\"@context\":\"https:\\\/\\\/schema.org\",\"@graph\":[{\"@type\":\"WebPage\",\"@id\":\"https:\\\/\\\/www.fundacioncristinamasaveu.com\\\/en\\\/activity\\\/cultural-projects\\\/\",\"url\":\"https:\\\/\\\/www.fundacioncristinamasaveu.com\\\/en\\\/activity\\\/cultural-projects\\\/\",\"name\":\"CULTURAL PROJECTS - Fundaci\u00f3n Maria Cristina Masaveu Peterson\",\"isPartOf\":{\"@id\":\"https:\\\/\\\/www.fundacioncristinamasaveu.com\\\/#website\"},\"primaryImageOfPage\":{\"@id\":\"https:\\\/\\\/www.fundacioncristinamasaveu.com\\\/en\\\/activity\\\/cultural-projects\\\/#primaryimage\"},\"image\":{\"@id\":\"https:\\\/\\\/www.fundacioncristinamasaveu.com\\\/en\\\/activity\\\/cultural-projects\\\/#primaryimage\"},\"thumbnailUrl\":\"https:\\\/\\\/www.fundacioncristinamasaveu.com\\\/wp-content\\\/uploads\\\/2019\\\/12\\\/Cabecera-ok-Sorolla-jpg.jpg\",\"datePublished\":\"2016-11-17T11:22:51+00:00\",\"dateModified\":\"2025-12-16T10:55:57+00:00\",\"breadcrumb\":{\"@id\":\"https:\\\/\\\/www.fundacioncristinamasaveu.com\\\/en\\\/activity\\\/cultural-projects\\\/#breadcrumb\"},\"inLanguage\":\"en-US\",\"potentialAction\":[{\"@type\":\"ReadAction\",\"target\":[\"https:\\\/\\\/www.fundacioncristinamasaveu.com\\\/en\\\/activity\\\/cultural-projects\\\/\"]}]},{\"@type\":\"ImageObject\",\"inLanguage\":\"en-US\",\"@id\":\"https:\\\/\\\/www.fundacioncristinamasaveu.com\\\/en\\\/activity\\\/cultural-projects\\\/#primaryimage\",\"url\":\"https:\\\/\\\/www.fundacioncristinamasaveu.com\\\/wp-content\\\/uploads\\\/2019\\\/12\\\/Cabecera-ok-Sorolla-jpg.jpg\",\"contentUrl\":\"https:\\\/\\\/www.fundacioncristinamasaveu.com\\\/wp-content\\\/uploads\\\/2019\\\/12\\\/Cabecera-ok-Sorolla-jpg.jpg\",\"width\":1500,\"height\":850},{\"@type\":\"BreadcrumbList\",\"@id\":\"https:\\\/\\\/www.fundacioncristinamasaveu.com\\\/en\\\/activity\\\/cultural-projects\\\/#breadcrumb\",\"itemListElement\":[{\"@type\":\"ListItem\",\"position\":1,\"name\":\"Portada\",\"item\":\"https:\\\/\\\/www.fundacioncristinamasaveu.com\\\/en\\\/\"},{\"@type\":\"ListItem\",\"position\":2,\"name\":\"ACTIVITY\",\"item\":\"https:\\\/\\\/www.fundacioncristinamasaveu.com\\\/en\\\/activity\\\/\"},{\"@type\":\"ListItem\",\"position\":3,\"name\":\"CULTURAL PROJECTS\"}]},{\"@type\":\"WebSite\",\"@id\":\"https:\\\/\\\/www.fundacioncristinamasaveu.com\\\/#website\",\"url\":\"https:\\\/\\\/www.fundacioncristinamasaveu.com\\\/\",\"name\":\"Fundaci\u00f3n Maria Cristina Masaveu Peterson\",\"description\":\"Web Fundaci\u00f3n Cristina Masaveu\",\"potentialAction\":[{\"@type\":\"SearchAction\",\"target\":{\"@type\":\"EntryPoint\",\"urlTemplate\":\"https:\\\/\\\/www.fundacioncristinamasaveu.com\\\/?s={search_term_string}\"},\"query-input\":{\"@type\":\"PropertyValueSpecification\",\"valueRequired\":true,\"valueName\":\"search_term_string\"}}],\"inLanguage\":\"en-US\"}]}<\/script>\n<!-- \/ Yoast SEO plugin. -->","yoast_head_json":{"title":"CULTURAL PROJECTS - Fundaci\u00f3n Maria Cristina Masaveu Peterson","robots":{"index":"index","follow":"follow","max-snippet":"max-snippet:-1","max-image-preview":"max-image-preview:large","max-video-preview":"max-video-preview:-1"},"canonical":"https:\/\/www.fundacioncristinamasaveu.com\/en\/activity\/cultural-projects\/","og_locale":"en_US","og_type":"article","og_title":"CULTURAL PROJECTS - Fundaci\u00f3n Maria Cristina Masaveu Peterson","og_url":"https:\/\/www.fundacioncristinamasaveu.com\/en\/activity\/cultural-projects\/","og_site_name":"Fundaci\u00f3n Maria Cristina Masaveu Peterson","article_modified_time":"2025-12-16T10:55:57+00:00","og_image":[{"width":1500,"height":850,"url":"https:\/\/www.fundacioncristinamasaveu.com\/wp-content\/uploads\/2019\/12\/Cabecera-ok-Sorolla-jpg.jpg","type":"image\/jpeg"}],"twitter_card":"summary_large_image","twitter_misc":{"Est. reading time":"1 minute"},"schema":{"@context":"https:\/\/schema.org","@graph":[{"@type":"WebPage","@id":"https:\/\/www.fundacioncristinamasaveu.com\/en\/activity\/cultural-projects\/","url":"https:\/\/www.fundacioncristinamasaveu.com\/en\/activity\/cultural-projects\/","name":"CULTURAL PROJECTS - Fundaci\u00f3n Maria Cristina Masaveu Peterson","isPartOf":{"@id":"https:\/\/www.fundacioncristinamasaveu.com\/#website"},"primaryImageOfPage":{"@id":"https:\/\/www.fundacioncristinamasaveu.com\/en\/activity\/cultural-projects\/#primaryimage"},"image":{"@id":"https:\/\/www.fundacioncristinamasaveu.com\/en\/activity\/cultural-projects\/#primaryimage"},"thumbnailUrl":"https:\/\/www.fundacioncristinamasaveu.com\/wp-content\/uploads\/2019\/12\/Cabecera-ok-Sorolla-jpg.jpg","datePublished":"2016-11-17T11:22:51+00:00","dateModified":"2025-12-16T10:55:57+00:00","breadcrumb":{"@id":"https:\/\/www.fundacioncristinamasaveu.com\/en\/activity\/cultural-projects\/#breadcrumb"},"inLanguage":"en-US","potentialAction":[{"@type":"ReadAction","target":["https:\/\/www.fundacioncristinamasaveu.com\/en\/activity\/cultural-projects\/"]}]},{"@type":"ImageObject","inLanguage":"en-US","@id":"https:\/\/www.fundacioncristinamasaveu.com\/en\/activity\/cultural-projects\/#primaryimage","url":"https:\/\/www.fundacioncristinamasaveu.com\/wp-content\/uploads\/2019\/12\/Cabecera-ok-Sorolla-jpg.jpg","contentUrl":"https:\/\/www.fundacioncristinamasaveu.com\/wp-content\/uploads\/2019\/12\/Cabecera-ok-Sorolla-jpg.jpg","width":1500,"height":850},{"@type":"BreadcrumbList","@id":"https:\/\/www.fundacioncristinamasaveu.com\/en\/activity\/cultural-projects\/#breadcrumb","itemListElement":[{"@type":"ListItem","position":1,"name":"Portada","item":"https:\/\/www.fundacioncristinamasaveu.com\/en\/"},{"@type":"ListItem","position":2,"name":"ACTIVITY","item":"https:\/\/www.fundacioncristinamasaveu.com\/en\/activity\/"},{"@type":"ListItem","position":3,"name":"CULTURAL PROJECTS"}]},{"@type":"WebSite","@id":"https:\/\/www.fundacioncristinamasaveu.com\/#website","url":"https:\/\/www.fundacioncristinamasaveu.com\/","name":"Fundaci\u00f3n Maria Cristina Masaveu Peterson","description":"Web Fundaci\u00f3n Cristina Masaveu","potentialAction":[{"@type":"SearchAction","target":{"@type":"EntryPoint","urlTemplate":"https:\/\/www.fundacioncristinamasaveu.com\/?s={search_term_string}"},"query-input":{"@type":"PropertyValueSpecification","valueRequired":true,"valueName":"search_term_string"}}],"inLanguage":"en-US"}]}},"_links":{"self":[{"href":"https:\/\/www.fundacioncristinamasaveu.com\/en\/wp-json\/wp\/v2\/pages\/4639","targetHints":{"allow":["GET"]}}],"collection":[{"href":"https:\/\/www.fundacioncristinamasaveu.com\/en\/wp-json\/wp\/v2\/pages"}],"about":[{"href":"https:\/\/www.fundacioncristinamasaveu.com\/en\/wp-json\/wp\/v2\/types\/page"}],"author":[{"embeddable":true,"href":"https:\/\/www.fundacioncristinamasaveu.com\/en\/wp-json\/wp\/v2\/users\/1"}],"replies":[{"embeddable":true,"href":"https:\/\/www.fundacioncristinamasaveu.com\/en\/wp-json\/wp\/v2\/comments?post=4639"}],"version-history":[{"count":29,"href":"https:\/\/www.fundacioncristinamasaveu.com\/en\/wp-json\/wp\/v2\/pages\/4639\/revisions"}],"predecessor-version":[{"id":82988,"href":"https:\/\/www.fundacioncristinamasaveu.com\/en\/wp-json\/wp\/v2\/pages\/4639\/revisions\/82988"}],"up":[{"embeddable":true,"href":"https:\/\/www.fundacioncristinamasaveu.com\/en\/wp-json\/wp\/v2\/pages\/4522"}],"wp:featuredmedia":[{"embeddable":true,"href":"https:\/\/www.fundacioncristinamasaveu.com\/en\/wp-json\/wp\/v2\/media\/54073"}],"wp:attachment":[{"href":"https:\/\/www.fundacioncristinamasaveu.com\/en\/wp-json\/wp\/v2\/media?parent=4639"}],"curies":[{"name":"wp","href":"https:\/\/api.w.org\/{rel}","templated":true}]}}