{"id":38061,"date":"2016-10-27T10:21:02","date_gmt":"2016-10-27T09:21:02","guid":{"rendered":"https:\/\/www.fundacioncristinamasaveu.com\/home\/"},"modified":"2026-03-26T09:48:36","modified_gmt":"2026-03-26T08:48:36","slug":"home","status":"publish","type":"page","link":"https:\/\/www.fundacioncristinamasaveu.com\/en\/","title":{"rendered":"Home"},"content":{"rendered":"<section class=\"l-section wpb_row height_auto width_full\" id=\"contenedor_info_full\"><div class=\"l-section-h i-cf\"><div class=\"g-cols vc_row via_flex valign_top type_default stacking_default\"><div class=\"vc_col-sm-12 wpb_column vc_column_container\"><div class=\"vc_column-inner\"><div class=\"wpb_wrapper\">\n\t\t\t\t<p class=\"rs-p-wp-fix\"><\/p>\n\t\t\t\t<sr7-module data-alias=\"home-2019\" data-id=\"108\" id=\"SR7_108_1\" data-version=\"6.7.41\">\n\t\t\t\t\t<sr7-adjuster><\/sr7-adjuster>\n\t\t\t\t\t<sr7-content>\n\t\t\t\t\t\t<sr7-slide id=\"SR7_108_1-417\" data-key=\"417\">\n\t\t\t\t\t\t\t<sr7-bg id=\"SR7_108_1-417-slidebg\" class=\"sr7-layer\"><noscript><img decoding=\"async\" src=\"https:\/\/www.fundacioncristinamasaveu.com\/wp-content\/uploads\/2025\/07\/Maria-Blanchard.-Composicion-musical.-Hacia-1914.-Coleccion-Masaveu.-FMCMP.-Foto-Marcos-Morilla-scaled-e1750161692420.jpg\" alt=\"\" title=\"Maria-Blanchard.-Composicion-musical.-Hacia-1914.-Coleccion-Masaveu.-FMCMP.-Foto-Marcos-Morilla&#8211;scaled-e1750161692420\"><\/noscript><\/sr7-bg>\n\t\t\t\t\t\t\t<a id=\"SR7_108_1-417-0\" class=\"sr7-layer\" href=\"http:\/\/fundacioncristinamasaveu.com\/portfolio\/miradas-de-asturias-ouka-leele-a-donde-la-luz-me-lleve\/\" target=\"_blank\" rel=\"noopener\"><div class=\"tabla-texto\">\n    <div class=\"fila\">\n        <div class=\"columna texto\">\n            <div class=\"titulo\">              EXHIBITION<\/div><br>  <div class=\"subtitulo\">MASAVEU COLLECTION.  TWENTIETH-CENTURY SPANISH ART:<BR>\nFROM PICASSO TO BARCEL\u00d3\n            <\/div>\n            <div class=\"subtitulo2\">FMCMP Madrid Centre<\/div>\n            <br>\n        <\/div>\n        <div class=\"columna fechas\">\n            <div class=\"tabla-fechas\">\n                <div class=\"fila-fecha\">\n                    <span class=\"numero\">09<\/span>\n                    <span class=\"guion\">-<\/span>\n                    <span class=\"numero\">19<\/span>\n                <\/div>\n                <div class=\"fila-mes\">\n                    <span class=\"mes\">OCT 24<\/span>\n                    <span class=\"mes\"><\/span>\n                    <span class=\"mes\">JUL 26<\/span>\n                <\/div>\n            <\/div>\n        <\/div>\n    <\/div>\n<\/div><\/a>\n\t\t\t\t\t\t<\/sr7-slide>\n\t\t\t\t\t\t<sr7-slide id=\"SR7_108_1-498\" data-key=\"498\">\n\t\t\t\t\t\t\t<sr7-bg id=\"SR7_108_1-498-slidebg\" class=\"sr7-layer\"><noscript><img decoding=\"async\" src=\"https:\/\/www.fundacioncristinamasaveu.com\/wp-content\/uploads\/2021\/09\/Vista-de-la-exposicion-en-Brickell-Key-Centre.-FMCMP.-Foto-Antonio-Chagin-ACH-Digital-Photography-1-1-scaled.jpg\" alt=\"\" title=\"Vista de la exposici\u00f3n en Brickell Key Centre. FMCMP. Foto Antonio Chagin &#8211; ACH Digital Photography (1) (1)\"><\/noscript><\/sr7-bg>\n\t\t\t\t\t\t\t<a id=\"SR7_108_1-498-0\" class=\"sr7-layer\" href=\"https:\/\/www.fundacioncristinamasaveu.com\/centros\/sede-fmcmp-madrid\/\" target=\"_blank\" rel=\"noopener\"><div class=\"tabla-texto\">\n    <div class=\"fila\">\n        <div class=\"columna texto\">\n            <div class=\"titulo\">              EXHIBITION<\/div><br>  <div class=\"subtitulo\">CONTEMPORARY SPANISH ART FROM<BR> THE FMCMP COLLECTION\n            <\/div>\n            <div class=\"subtitulo2\">Espacio Brickell Key Centre (Miami)<\/div>\n            <br>\n  \n        <\/div>\n        <div class=\"columna fechas\">\n            <div class=\"tabla-fechas\">\n                <div class=\"fila-fecha\">\n                    <span class=\"numero\"><\/span>\n                    <span class=\"guion\"><\/span>\n                    <span class=\"numero\"><\/span>\n                <\/div>\n                <div class=\"fila-mes\">\n                    <span class=\"mes\">MAY 25<\/span>\n                    <span class=\"mes\"><\/span>\n                    <span class=\"mes\">APR 27<\/span>\n                <\/div>\n            <\/div>\n        <\/div>\n    <\/div>\n<\/div><\/a>\n\t\t\t\t\t\t<\/sr7-slide>\n\t\t\t\t\t\t<sr7-slide id=\"SR7_108_1-422\" data-key=\"422\">\n\t\t\t\t\t\t\t<sr7-bg id=\"SR7_108_1-422-slidebg\" class=\"sr7-layer\"><noscript><img decoding=\"async\" src=\"https:\/\/www.fundacioncristinamasaveu.com\/wp-content\/uploads\/2024\/12\/6MR9224-P-scaled.jpg\" alt=\"\" title=\"_6MR9224 P\"><\/noscript><\/sr7-bg>\n\t\t\t\t\t\t\t<a id=\"SR7_108_1-422-0\" class=\"sr7-layer\" href=\"http:\/\/fundacioncristinamasaveu.com\/portfolio\/miradas-de-asturias-ouka-leele-a-donde-la-luz-me-lleve\/\" target=\"_blank\" rel=\"noopener\"><div class=\"tabla-texto\">\n    <div class=\"fila\">\n        <div class=\"columna texto\">\n            <div class=\"titulo\">              EXHIBITION<\/div><br>  <div class=\"subtitulo\">STREET ART SPACE\n            <\/div>\n            <div class=\"subtitulo2\">FMCMP Madrid Centre<\/div>\n            <br>\n            <div class=\"subtitulo2\"><\/div>\n        <\/div>\n        <div class=\"columna fechas\">\n            <div class=\"tabla-fechas\">\n                <div class=\"fila-fecha\">\n                    <span class=\"numero\"><\/span>\n                    <span class=\"guion\"><\/span>\n                    <span class=\"numero\"><\/span>\n                <\/div>\n                <div class=\"fila-mes\">\n                    <span class=\"mes\"> <\/span>\n                    <span class=\"mes\"><\/span>\n                    <span class=\"mes\"> <\/span>\n                <\/div>\n            <\/div>\n        <\/div>\n    <\/div>\n<\/div><\/a>\n\t\t\t\t\t\t<\/sr7-slide>\n\t\t\t\t\t\t<sr7-slide id=\"SR7_108_1-413\" data-key=\"413\">\n\t\t\t\t\t\t\t<sr7-bg id=\"SR7_108_1-413-slidebg\" class=\"sr7-layer\"><noscript><img decoding=\"async\" src=\"https:\/\/www.fundacioncristinamasaveu.com\/wp-content\/uploads\/2025\/10\/Vista-de-sala-de-la-exposicion-Coleccion-FMCMP.-Arte-y-Naturaleza.-Centro-FMCMP-Morasverdes.-Foto-Marcos-Morilla-3-scaled-e1761052995200.jpg\" alt=\"\" title=\"Vista de sala de la exposici\u00f3n Colecci\u00f3n FMCMP. Arte y Naturaleza. Centro FMCMP Morasverdes. Foto Marcos Morilla (3)\"><\/noscript><\/sr7-bg>\n\t\t\t\t\t\t\t<a id=\"SR7_108_1-413-0\" class=\"sr7-layer\" href=\"http:\/\/fundacioncristinamasaveu.com\/portfolio\/miradas-de-asturias-ouka-leele-a-donde-la-luz-me-lleve\/\" target=\"_blank\" rel=\"noopener\"><div class=\"tabla-texto\">\n    <div class=\"fila\">\n        <div class=\"columna texto\">\n            <div class=\"titulo\">              EXHIBITION<\/div><br>  <div class=\"subtitulo\">FMCMP COLLECTION: ART AND NATURE\n            <\/div>\n            <div class=\"subtitulo2\">FMCMP Morasverdes Centre<\/div>\n            <br>\n            <div class=\"subtitulo2\"><\/div>\n        <\/div>\n        <div class=\"columna fechas\">\n            <div class=\"tabla-fechas\">\n                <div class=\"fila-fecha\">\n                    <span class=\"numero\"><\/span>\n                    <span class=\"guion\"><\/span>\n                    <span class=\"numero\"><\/span>\n                <\/div>\n                <div class=\"fila-mes\">\n                    <span class=\"mes\"> <\/span>\n                    <span class=\"mes\"><\/span>\n                    <span class=\"mes\"> <\/span>\n                <\/div>\n            <\/div>\n        <\/div>\n    <\/div>\n<\/div><\/a>\n\t\t\t\t\t\t<\/sr7-slide>\n\t\t\t\t\t\t<sr7-slide id=\"SR7_108_1-421\" data-key=\"421\">\n\t\t\t\t\t\t\t<sr7-bg id=\"SR7_108_1-421-slidebg\" class=\"sr7-layer\"><noscript><img decoding=\"async\" src=\"https:\/\/www.fundacioncristinamasaveu.com\/wp-content\/uploads\/2023\/01\/julia_acerca.jpg\" alt=\"\" title=\"julia_acerca\"><\/noscript><\/sr7-bg>\n\t\t\t\t\t\t\t<a id=\"SR7_108_1-421-0\" class=\"sr7-layer\" href=\"http:\/\/fundacioncristinamasaveu.com\/portfolio\/miradas-de-asturias-ouka-leele-a-donde-la-luz-me-lleve\/\" target=\"_blank\" rel=\"noopener\"><div class=\"tabla-texto\">\n    <div class=\"fila\">\n        <div class=\"columna texto\">\n            <div class=\"titulo\">              JULIA<\/div><br>  <div class=\"subtitulo\">JAUME PLENSA\n            <\/div>\n            <div class=\"subtitulo2\">Pedetal in Plaza de Col\u00f3n , Madrid<\/div>\n            <br>\n        <\/div>\n        <div class=\"columna fechas\">\n            <div class=\"tabla-fechas\">\n                <div class=\"fila-fecha\">\n                    <span class=\"numero\">20<\/span>\n                    <span class=\"guion\">-<\/span>\n                    <span class=\"numero\">20<\/span>\n                <\/div>\n                <div class=\"fila-mes\">\n                    <span class=\"mes\">DEC 18<\/span>\n                    <span class=\"mes\"><\/span>\n                    <span class=\"mes\">DEC 26<\/span>\n                <\/div>\n            <\/div>\n        <\/div>\n    <\/div>\n<\/div><\/a>\n\t\t\t\t\t\t<\/sr7-slide>\n\t\t\t\t\t\t<sr7-slide id=\"SR7_108_1-463\" data-key=\"463\">\n\t\t\t\t\t\t<\/sr7-slide>\n\t\t\t\t\t<\/sr7-content>\n\t\t\t\t<\/sr7-module>\n\t\t\t\t<script>\n\t\t\t\t\tSR7.PMH ??={}; SR7.PMH[\"SR7_108_1\"] = {cn:100,state:false,fn: function() { if (_tpt!==undefined && _tpt.prepareModuleHeight !== undefined) {  _tpt.prepareModuleHeight({id:\"SR7_108_1\",el:[800,768,960,720],type:'standard',shdw:'0',gh:[800,768,960,720],gw:[1500,1024,778,480],vpt:['200px'],size:{fullWidth:true, fullHeight:false},mh:'0',onh:0,onw:0,bg:{color:'transparent'},plType:'0',plColor:'#ffffff'});   SR7.PMH[\"SR7_108_1\"].state=true;} else if(SR7.PMH[\"SR7_108_1\"].cn-->0)\tsetTimeout( SR7.PMH[\"SR7_108_1\"].fn,19);}};SR7.PMH[\"SR7_108_1\" ].fn();\n\t\t\t\t<\/script>\n<div class=\"w-separator size_medium\"><\/div><\/div><\/div><\/div><\/div><\/div><\/section><section class=\"l-section wpb_row height_medium\"><div class=\"l-section-h i-cf\"><div class=\"g-cols vc_row via_flex valign_top type_default stacking_default\"><div class=\"vc_col-sm-12 wpb_column vc_column_container\"><div class=\"vc_column-inner\"><div class=\"wpb_wrapper\">[vc_custom_heading text=&#8221;FMCMP MADRID CENTRE&#8221; font_container=&#8221;tag:h3|text_align:left&#8221; use_theme_fonts=&#8221;yes&#8221; el_class=&#8221;tituloSeccion&#8221;]<div class=\"w-separator size_medium\"><\/div><div class=\"w-grid us_grid type_grid layout_28484 cols_3 preload_style_spinner\" id=\"us_grid_1\" style=\"--columns:3;--gap:1.5rem;\"><style>@media (max-width:1024px){#us_grid_1{--columns:2!important}}@media (max-width:600px){#us_grid_1{--columns:1!important}}.layout_28484 .w-grid-item-h{background:#ffffff}@media(max-width:39px){.layout_28484 .usg_post_custom_field_1{display:none!important}}.layout_28484 .usg_post_image_1{position:static!important}.layout_28484 .usg_vwrapper_1{padding-left:10px!important;padding-right:10px!important;border-color:#222222!important;border-style:solid!important;border-width:0 0 0 1px!important}.layout_28484 .usg_post_title_1{font-size:1.3em!important}.layout_28484 .usg_post_custom_field_1{font-weight:600!important;text-transform:uppercase!important;font-size:1.3em!important}.layout_28484 .usg_post_custom_field_2{font-weight:300!important;text-transform:uppercase!important;font-size:1em!important}<\/style><div class=\"w-grid-list\">\t<article class=\"w-grid-item size_1x1 post-38015 page type-page status-publish has-post-thumbnail hentry\" data-id=\"38015\">\r\n\t\t<div class=\"w-grid-item-h\">\r\n\t\t\t\t\t\t<div class=\"w-post-elm post_image usg_post_image_1 stretched\"><a href=\"https:\/\/www.fundacioncristinamasaveu.com\/en\/centres\/fmcmps-madrid-headquarters\/programmes\/\" aria-label=\"CENTRE FMCMP MADRID\"><img loading=\"lazy\" decoding=\"async\" thumbnail=\"us_600_338_crop\" width=\"600\" height=\"338\" src=\"https:\/\/www.fundacioncristinamasaveu.com\/wp-content\/uploads\/2024\/10\/1-600x338.png\" class=\"attachment-us_600_338_crop size-us_600_338_crop wp-post-image\" alt=\"\" \/><\/a><\/div><div class=\"w-vwrapper usg_vwrapper_1 align_left valign_top\"><div class=\"w-post-elm post_custom_field usg_post_custom_field_1 type_text antetitulo color_link_inherit\"><span class=\"w-post-elm-value\">PROGRAMMES<\/span><\/div><div class=\"w-post-elm post_title usg_post_title_1 align_left entry-title color_link_inherit\"><a href=\"https:\/\/www.fundacioncristinamasaveu.com\/en\/centres\/fmcmps-madrid-headquarters\/programmes\/\">CENTRE FMCMP MADRID<\/a><\/div><\/div>\t\t<\/div>\r\n\t\t\t<\/article>\r\n\t<article class=\"w-grid-item size_1x1 post-73703 us_portfolio type-us_portfolio status-publish has-post-thumbnail hentry us_portfolio_category-arte-y-cultura-en us_portfolio_category-current-exhibitions us_portfolio_category-exhibitions us_portfolio_category-exposiciones-en us_portfolio_category-masaveu-collection-exhibits us_portfolio_tag-madrid-en us_portfolio_tag-picasso-to-barcelo us_portfolio_tag-portada-en\" data-id=\"73703\">\r\n\t\t<div class=\"w-grid-item-h\">\r\n\t\t\t\t\t\t<div class=\"w-post-elm post_image usg_post_image_1 stretched\"><a href=\"https:\/\/www.fundacioncristinamasaveu.com\/en\/portfolio\/exposicion-coleccion-masaveu-de-picasso-a-barcelo\/\" aria-label=\"MASAVEU COLLECTION. TWENTIETH-CENTURY SPANISH ART: FROM PICASSO TO BARCEL\u00d3\"><img loading=\"lazy\" decoding=\"async\" thumbnail=\"us_600_338_crop\" width=\"600\" height=\"338\" src=\"https:\/\/www.fundacioncristinamasaveu.com\/wp-content\/uploads\/2024\/05\/Sin-titulo-12-600x338.png\" class=\"attachment-us_600_338_crop size-us_600_338_crop wp-post-image\" alt=\"\" \/><\/a><\/div><div class=\"w-vwrapper usg_vwrapper_1 align_left valign_top\"><div class=\"w-post-elm post_custom_field usg_post_custom_field_1 type_text antetitulo color_link_inherit\"><span class=\"w-post-elm-value\">EXHIBITION<\/span><\/div><div class=\"w-post-elm post_title usg_post_title_1 align_left entry-title color_link_inherit\"><a href=\"https:\/\/www.fundacioncristinamasaveu.com\/en\/portfolio\/exposicion-coleccion-masaveu-de-picasso-a-barcelo\/\">MASAVEU COLLECTION. TWENTIETH-CENTURY SPANISH ART: FROM PICASSO TO BARCEL\u00d3<\/a><\/div><p class=\"w-post-elm post_custom_field usg_post_custom_field_2 type_text posttitulo color_link_inherit\"><span class=\"w-post-elm-value\"><b>FMCMP MADRID CENTRE<\/b><br \/>\r\n09 OCTOBER, 2024<br \/>\r\n19 JULY, 2026<\/span><\/p><\/div>\t\t<\/div>\r\n\t\t\t<\/article>\r\n\t<article class=\"w-grid-item size_1x1 post-64662 us_portfolio type-us_portfolio status-publish has-post-thumbnail hentry us_portfolio_category-art-en us_portfolio_category-current-exhibitions us_portfolio_category-exposiciones-en us_portfolio_category-fmcmp-collection us_portfolio_category-madrid-en us_portfolio_tag-destacada-en us_portfolio_tag-madrid-en us_portfolio_tag-portada-en\" data-id=\"64662\">\r\n\t\t<div class=\"w-grid-item-h\">\r\n\t\t\t\t\t\t<div class=\"w-post-elm post_image usg_post_image_1 stretched\"><a href=\"https:\/\/www.fundacioncristinamasaveu.com\/en\/portfolio\/street-art-space\/\" aria-label=\"STREET ART SPACE\"><img loading=\"lazy\" decoding=\"async\" thumbnail=\"us_600_338_crop\" width=\"600\" height=\"338\" src=\"https:\/\/www.fundacioncristinamasaveu.com\/wp-content\/uploads\/2024\/12\/6MR9224-P-600x338.jpg\" class=\"attachment-us_600_338_crop size-us_600_338_crop wp-post-image\" alt=\"\" \/><\/a><\/div><div class=\"w-vwrapper usg_vwrapper_1 align_left valign_top\"><div class=\"w-post-elm post_custom_field usg_post_custom_field_1 type_text antetitulo color_link_inherit\"><span class=\"w-post-elm-value\">EXHIBITION<\/span><\/div><div class=\"w-post-elm post_title usg_post_title_1 align_left entry-title color_link_inherit\"><a href=\"https:\/\/www.fundacioncristinamasaveu.com\/en\/portfolio\/street-art-space\/\">STREET ART SPACE<\/a><\/div><p class=\"w-post-elm post_custom_field usg_post_custom_field_2 type_text posttitulo color_link_inherit\"><span class=\"w-post-elm-value\"><b>FMCMP MADRID CENTRE <\/b><br \/>\r\n16 SEPTEMBER, 2025<br \/>\r\n19 JULY, 2026<\/span><\/p><\/div>\t\t<\/div>\r\n\t\t\t<\/article>\r\n\t<article class=\"w-grid-item size_1x1 post-83640 us_portfolio type-us_portfolio status-publish has-post-thumbnail hentry us_portfolio_category-agenda-en us_portfolio_category-conferencia-madre us_portfolio_category-conferencias-y-charlas-en us_portfolio_category-madrid-en us_portfolio_category-masaveu-collection us_portfolio_category-formacion-en us_portfolio_tag-arte-y-cultura-en us_portfolio_tag-madrid-en us_portfolio_tag-pastilla\" data-id=\"83640\">\r\n\t\t<div class=\"w-grid-item-h\">\r\n\t\t\t\t\t\t<div class=\"w-post-elm post_image usg_post_image_1 stretched\"><a href=\"https:\/\/www.fundacioncristinamasaveu.com\/en\/portfolio\/conferences-other-perspectives-xx-century\/\" aria-label=\"OTHER PERSPECTIVES: FILM, WRITING AND PHOTOGRAPHY IN TWENTIETH-CENTURY SPANISH ART\"><img loading=\"lazy\" decoding=\"async\" thumbnail=\"us_600_338_crop\" width=\"600\" height=\"338\" src=\"https:\/\/www.fundacioncristinamasaveu.com\/wp-content\/uploads\/2026\/02\/FMCMP_1ML02_1-1-600x338.jpg\" class=\"attachment-us_600_338_crop size-us_600_338_crop wp-post-image\" alt=\"\" \/><\/a><\/div><div class=\"w-vwrapper usg_vwrapper_1 align_left valign_top\"><div class=\"w-post-elm post_custom_field usg_post_custom_field_1 type_text antetitulo color_link_inherit\"><span class=\"w-post-elm-value\">LECTURE SERIES III<\/span><\/div><div class=\"w-post-elm post_title usg_post_title_1 align_left entry-title color_link_inherit\"><a href=\"https:\/\/www.fundacioncristinamasaveu.com\/en\/portfolio\/conferences-other-perspectives-xx-century\/\">OTHER PERSPECTIVES: FILM, WRITING AND PHOTOGRAPHY IN TWENTIETH-CENTURY SPANISH ART<\/a><\/div><p class=\"w-post-elm post_custom_field usg_post_custom_field_2 type_text posttitulo color_link_inherit\"><span class=\"w-post-elm-value\"><b>FMCMP MADRID CENTRE<\/b><br \/>\r\n14 APRIL, 2026<br \/>\r\n28 APRIL, 2026<\/span><\/p><\/div>\t\t<\/div>\r\n\t\t\t<\/article>\r\n\t<article class=\"w-grid-item size_1x1 post-67248 us_portfolio type-us_portfolio status-publish has-post-thumbnail hentry us_portfolio_category-art-en us_portfolio_category-arte-y-cultura-en us_portfolio_category-madrid-en us_portfolio_category-programme-for-schools us_portfolio_tag-destacada-en us_portfolio_tag-espacio-street-art-en us_portfolio_tag-formacion-street-art-en us_portfolio_tag-madrid-en us_portfolio_tag-school-programme-street-art\" data-id=\"67248\">\r\n\t\t<div class=\"w-grid-item-h\">\r\n\t\t\t\t\t\t<div class=\"w-post-elm post_image usg_post_image_1 stretched\"><a href=\"https:\/\/www.fundacioncristinamasaveu.com\/en\/portfolio\/programme-schools-street-art\/\" aria-label=\"STREET ART IN THE FMCMP COLLECTION\"><img loading=\"lazy\" decoding=\"async\" thumbnail=\"us_600_338_crop\" width=\"600\" height=\"338\" src=\"https:\/\/www.fundacioncristinamasaveu.com\/wp-content\/uploads\/2024\/12\/masaveu-CFMCMP-689-3-e1758102454182-600x338.jpg\" class=\"attachment-us_600_338_crop size-us_600_338_crop wp-post-image\" alt=\"\" srcset=\"https:\/\/www.fundacioncristinamasaveu.com\/wp-content\/uploads\/2024\/12\/masaveu-CFMCMP-689-3-e1758102454182-600x338.jpg 600w, https:\/\/www.fundacioncristinamasaveu.com\/wp-content\/uploads\/2024\/12\/masaveu-CFMCMP-689-3-e1758102454182-50x27.jpg 50w\" sizes=\"auto, (max-width: 600px) 100vw, 600px\" \/><\/a><\/div><div class=\"w-vwrapper usg_vwrapper_1 align_left valign_top\"><div class=\"w-post-elm post_custom_field usg_post_custom_field_1 type_text antetitulo color_link_inherit\"><span class=\"w-post-elm-value\">SCHOOL PROGRAMME<\/span><\/div><div class=\"w-post-elm post_title usg_post_title_1 align_left entry-title color_link_inherit\"><a href=\"https:\/\/www.fundacioncristinamasaveu.com\/en\/portfolio\/programme-schools-street-art\/\">STREET ART IN THE FMCMP COLLECTION<\/a><\/div><p class=\"w-post-elm post_custom_field usg_post_custom_field_2 type_text posttitulo color_link_inherit\"><span class=\"w-post-elm-value\"><b>FMCMP MADRID CENTRE<\/b><br \/>\r\n01 OCTOBER, 2025<br \/>\r\n19 JULY, 2026<\/span><\/p><\/div>\t\t<\/div>\r\n\t\t\t<\/article>\r\n\t<article class=\"w-grid-item size_1x1 post-82278 us_portfolio type-us_portfolio status-publish has-post-thumbnail hentry us_portfolio_category-art-en us_portfolio_category-arte-y-cultura-en us_portfolio_category-madrid-en us_portfolio_category-programa-de-mayores-en us_portfolio_tag-destacada-en us_portfolio_tag-espacio-street-art-en us_portfolio_tag-formacion-street-art-en us_portfolio_tag-madrid-en\" data-id=\"82278\">\r\n\t\t<div class=\"w-grid-item-h\">\r\n\t\t\t\t\t\t<div class=\"w-post-elm post_image usg_post_image_1 stretched\"><a href=\"https:\/\/www.fundacioncristinamasaveu.com\/en\/portfolio\/arte-espanol-del-siglo-xx-la-coleccion-masaveu-2\/\" aria-label=\"TWENTIETH-CENTURY SPANISH ART: THE MASAVEU COLLECTION\"><img loading=\"lazy\" decoding=\"async\" thumbnail=\"us_600_338_crop\" width=\"600\" height=\"338\" src=\"https:\/\/www.fundacioncristinamasaveu.com\/wp-content\/uploads\/2024\/12\/4MR9471-600x338.jpg\" class=\"attachment-us_600_338_crop size-us_600_338_crop wp-post-image\" alt=\"\" \/><\/a><\/div><div class=\"w-vwrapper usg_vwrapper_1 align_left valign_top\"><div class=\"w-post-elm post_custom_field usg_post_custom_field_1 type_text antetitulo color_link_inherit\"><span class=\"w-post-elm-value\">PROGRAMME FOR SENIORS<\/span><\/div><div class=\"w-post-elm post_title usg_post_title_1 align_left entry-title color_link_inherit\"><a href=\"https:\/\/www.fundacioncristinamasaveu.com\/en\/portfolio\/arte-espanol-del-siglo-xx-la-coleccion-masaveu-2\/\">TWENTIETH-CENTURY SPANISH ART: THE MASAVEU COLLECTION<\/a><\/div><p class=\"w-post-elm post_custom_field usg_post_custom_field_2 type_text posttitulo color_link_inherit\"><span class=\"w-post-elm-value\"><b>FMCMP MADRID CENTRE<\/b><br \/>\r\n11 NOVEMBER, 2025<br \/>\r\n19 JULY, 2026<\/span><\/p><\/div>\t\t<\/div>\r\n\t\t\t<\/article>\r\n<\/div>\t<div class=\"w-grid-preloader\">\r\n\t\t<div class=\"g-preloader type_1\">\r\n\t\t\t<div><\/div>\r\n\t\t<\/div>\r\n\t<\/div>\r\n\t\t<div class=\"w-grid-json hidden\" onclick='return {&quot;action&quot;:&quot;us_ajax_grid&quot;,&quot;infinite_scroll&quot;:0,&quot;max_num_pages&quot;:1,&quot;pagination&quot;:&quot;none&quot;,&quot;template_vars&quot;:{&quot;columns&quot;:&quot;3&quot;,&quot;exclude_items&quot;:&quot;none&quot;,&quot;img_size&quot;:&quot;default&quot;,&quot;ignore_items_size&quot;:0,&quot;items_layout&quot;:&quot;28484&quot;,&quot;items_offset&quot;:&quot;1&quot;,&quot;load_animation&quot;:&quot;none&quot;,&quot;overriding_link&quot;:&quot;%7B%22url%22%3A%22%22%7D&quot;,&quot;post_id&quot;:0,&quot;query_args&quot;:{&quot;ignore_sticky_posts&quot;:1,&quot;post_type&quot;:&quot;any&quot;,&quot;post__in&quot;:[&quot;64662&quot;,&quot;73703&quot;,&quot;38015&quot;,&quot;67248&quot;,&quot;82278&quot;,&quot;83640&quot;],&quot;tax_query&quot;:[{&quot;taxonomy&quot;:&quot;product_visibility&quot;,&quot;field&quot;:&quot;slug&quot;,&quot;terms&quot;:[&quot;exclude-from-catalog&quot;],&quot;operator&quot;:&quot;NOT IN&quot;}],&quot;posts_per_page&quot;:&quot;6&quot;},&quot;orderby_query_args&quot;:{&quot;orderby&quot;:&quot;custom_field_num&quot;,&quot;meta_key&quot;:&quot;orden&quot;,&quot;order&quot;:&quot;ASC&quot;},&quot;type&quot;:&quot;grid&quot;,&quot;us_grid_post_type&quot;:&quot;ids&quot;,&quot;us_grid_ajax_index&quot;:1,&quot;us_grid_filter_query_string&quot;:null,&quot;us_grid_index&quot;:1,&quot;page_args&quot;:[],&quot;lang&quot;:&quot;en&quot;}}'><\/div>\r\n\t<\/div>[vc_custom_heading text=&#8221;FMCMP MORASVERDES CENTRE&#8221; font_container=&#8221;tag:h3|text_align:left&#8221; use_theme_fonts=&#8221;yes&#8221; el_class=&#8221;tituloSeccion&#8221;]<div class=\"w-separator size_medium\"><\/div><div class=\"w-grid us_grid type_grid layout_28484 cols_3 preload_style_spinner\" id=\"us_grid_2\" style=\"--columns:3;--gap:1.5rem;\"><style>@media (max-width:1024px){#us_grid_2{--columns:2!important}}@media (max-width:600px){#us_grid_2{--columns:1!important}}<\/style><div class=\"w-grid-list\">\t<article class=\"w-grid-item size_1x1 post-71448 page type-page status-publish has-post-thumbnail hentry\" data-id=\"71448\">\r\n\t\t<div class=\"w-grid-item-h\">\r\n\t\t\t\t\t\t<div class=\"w-post-elm post_image usg_post_image_1 stretched\"><a href=\"https:\/\/www.fundacioncristinamasaveu.com\/en\/centres\/fmcmp-morasverdes\/programmes\/\" aria-label=\"CENTRE FMCMP MORASVERDES\"><img loading=\"lazy\" decoding=\"async\" thumbnail=\"us_600_338_crop\" width=\"600\" height=\"338\" src=\"https:\/\/www.fundacioncristinamasaveu.com\/wp-content\/uploads\/2023\/11\/4MR3603-1-600x338.jpg\" class=\"attachment-us_600_338_crop size-us_600_338_crop wp-post-image\" alt=\"\" \/><\/a><\/div><div class=\"w-vwrapper usg_vwrapper_1 align_left valign_top\"><div class=\"w-post-elm post_custom_field usg_post_custom_field_1 type_text antetitulo color_link_inherit\"><span class=\"w-post-elm-value\">PROGRAMMES<\/span><\/div><div class=\"w-post-elm post_title usg_post_title_1 align_left entry-title color_link_inherit\"><a href=\"https:\/\/www.fundacioncristinamasaveu.com\/en\/centres\/fmcmp-morasverdes\/programmes\/\">CENTRE FMCMP MORASVERDES<\/a><\/div><\/div>\t\t<\/div>\r\n\t\t\t<\/article>\r\n\t<article class=\"w-grid-item size_1x1 post-71677 us_portfolio type-us_portfolio status-publish has-post-thumbnail hentry us_portfolio_category-art-en us_portfolio_category-arte-y-cultura-en us_portfolio_category-exposiciones-en us_portfolio_category-morasverdes-en us_portfolio_tag-exhibition-mv us_portfolio_tag-morasverdes-en us_portfolio_tag-portada-en us_portfolio_tag-salamanca-en\" data-id=\"71677\">\r\n\t\t<div class=\"w-grid-item-h\">\r\n\t\t\t\t\t\t<div class=\"w-post-elm post_image usg_post_image_1 stretched\"><a href=\"https:\/\/www.fundacioncristinamasaveu.com\/en\/portfolio\/exhibition-mv-art-nature\/\" aria-label=\"FMCMP COLLECTION: ART AND NATURE\"><img loading=\"lazy\" decoding=\"async\" thumbnail=\"us_600_338_crop\" width=\"600\" height=\"338\" src=\"https:\/\/www.fundacioncristinamasaveu.com\/wp-content\/uploads\/2024\/12\/vista-de-la-exposicion-arte-y-naturaleza-600x338.jpg\" class=\"attachment-us_600_338_crop size-us_600_338_crop wp-post-image\" alt=\"\" \/><\/a><\/div><div class=\"w-vwrapper usg_vwrapper_1 align_left valign_top\"><div class=\"w-post-elm post_custom_field usg_post_custom_field_1 type_text antetitulo color_link_inherit\"><span class=\"w-post-elm-value\">EXHIBITION<\/span><\/div><div class=\"w-post-elm post_title usg_post_title_1 align_left entry-title color_link_inherit\"><a href=\"https:\/\/www.fundacioncristinamasaveu.com\/en\/portfolio\/exhibition-mv-art-nature\/\">FMCMP COLLECTION: ART AND NATURE<\/a><\/div><p class=\"w-post-elm post_custom_field usg_post_custom_field_2 type_text posttitulo color_link_inherit\"><span class=\"w-post-elm-value\"><b>FMCMP MORASVERDES CENTRE<\/b><br \/>\r\nPERMANENT EXHIBITION<\/span><\/p><\/div>\t\t<\/div>\r\n\t\t\t<\/article>\r\n\t<article class=\"w-grid-item size_1x1 post-83689 us_portfolio type-us_portfolio status-publish has-post-thumbnail hentry us_portfolio_category-morasverdes-en us_portfolio_tag-morasverdes-en us_portfolio_tag-salamanca-en us_portfolio_tag-visitas-guiadas-mv-en\" data-id=\"83689\">\r\n\t\t<div class=\"w-grid-item-h\">\r\n\t\t\t\t\t\t<div class=\"w-post-elm post_image usg_post_image_1 stretched\"><a href=\"https:\/\/www.fundacioncristinamasaveu.com\/en\/portfolio\/art-and-nature-between-the-pages\/\" aria-label=\"Art and Nature Between the Pages\"><img loading=\"lazy\" decoding=\"async\" thumbnail=\"us_600_338_crop\" width=\"600\" height=\"338\" src=\"https:\/\/www.fundacioncristinamasaveu.com\/wp-content\/uploads\/2024\/10\/Vista-Exposicion-Morasverdes-600x338.jpg\" class=\"attachment-us_600_338_crop size-us_600_338_crop wp-post-image\" alt=\"\" srcset=\"https:\/\/www.fundacioncristinamasaveu.com\/wp-content\/uploads\/2024\/10\/Vista-Exposicion-Morasverdes-600x338.jpg 600w, https:\/\/www.fundacioncristinamasaveu.com\/wp-content\/uploads\/2024\/10\/Vista-Exposicion-Morasverdes-300x169.jpg 300w, https:\/\/www.fundacioncristinamasaveu.com\/wp-content\/uploads\/2024\/10\/Vista-Exposicion-Morasverdes-1024x576.jpg 1024w, https:\/\/www.fundacioncristinamasaveu.com\/wp-content\/uploads\/2024\/10\/Vista-Exposicion-Morasverdes-768x432.jpg 768w, https:\/\/www.fundacioncristinamasaveu.com\/wp-content\/uploads\/2024\/10\/Vista-Exposicion-Morasverdes-50x28.jpg 50w, https:\/\/www.fundacioncristinamasaveu.com\/wp-content\/uploads\/2024\/10\/Vista-Exposicion-Morasverdes.jpg 1920w\" sizes=\"auto, (max-width: 600px) 100vw, 600px\" \/><\/a><\/div><div class=\"w-vwrapper usg_vwrapper_1 align_left valign_top\"><div class=\"w-post-elm post_custom_field usg_post_custom_field_1 type_text antetitulo color_link_inherit\"><span class=\"w-post-elm-value\">VISITA-TALLER PARA FAMILIAS<\/span><\/div><div class=\"w-post-elm post_title usg_post_title_1 align_left entry-title color_link_inherit\"><a href=\"https:\/\/www.fundacioncristinamasaveu.com\/en\/portfolio\/art-and-nature-between-the-pages\/\">Art and Nature Between the Pages<\/a><\/div><p class=\"w-post-elm post_custom_field usg_post_custom_field_2 type_text posttitulo color_link_inherit\"><span class=\"w-post-elm-value\"><b>CENTRO FMCMP MORASVERDES<\/b><br \/>\r\n4 ABRIL, 2026<\/span><\/p><\/div>\t\t<\/div>\r\n\t\t\t<\/article>\r\n<\/div>\t<div class=\"w-grid-preloader\">\r\n\t\t<div class=\"g-preloader type_1\">\r\n\t\t\t<div><\/div>\r\n\t\t<\/div>\r\n\t<\/div>\r\n\t\t<div class=\"w-grid-json hidden\" onclick='return {&quot;action&quot;:&quot;us_ajax_grid&quot;,&quot;infinite_scroll&quot;:0,&quot;max_num_pages&quot;:1,&quot;pagination&quot;:&quot;none&quot;,&quot;template_vars&quot;:{&quot;columns&quot;:&quot;3&quot;,&quot;exclude_items&quot;:&quot;none&quot;,&quot;img_size&quot;:&quot;default&quot;,&quot;ignore_items_size&quot;:0,&quot;items_layout&quot;:&quot;28484&quot;,&quot;items_offset&quot;:&quot;1&quot;,&quot;load_animation&quot;:&quot;none&quot;,&quot;overriding_link&quot;:&quot;%7B%22url%22%3A%22%22%7D&quot;,&quot;post_id&quot;:0,&quot;query_args&quot;:{&quot;ignore_sticky_posts&quot;:1,&quot;post_type&quot;:&quot;any&quot;,&quot;post__in&quot;:[&quot;71677&quot;,&quot;71448&quot;,&quot;83689&quot;],&quot;tax_query&quot;:[{&quot;taxonomy&quot;:&quot;product_visibility&quot;,&quot;field&quot;:&quot;slug&quot;,&quot;terms&quot;:[&quot;exclude-from-catalog&quot;],&quot;operator&quot;:&quot;NOT IN&quot;}],&quot;posts_per_page&quot;:&quot;3&quot;},&quot;orderby_query_args&quot;:{&quot;orderby&quot;:&quot;custom_field_num&quot;,&quot;meta_key&quot;:&quot;&quot;,&quot;order&quot;:&quot;ASC&quot;},&quot;type&quot;:&quot;grid&quot;,&quot;us_grid_post_type&quot;:&quot;ids&quot;,&quot;us_grid_ajax_index&quot;:2,&quot;us_grid_filter_query_string&quot;:null,&quot;us_grid_index&quot;:2,&quot;page_args&quot;:[],&quot;lang&quot;:&quot;en&quot;}}'><\/div>\r\n\t<\/div>[vc_custom_heading text=&#8221;OTHER INITIATIVES&#8221; font_container=&#8221;tag:h3|text_align:left&#8221; use_theme_fonts=&#8221;yes&#8221; el_class=&#8221;tituloSeccion&#8221;]<div class=\"w-separator size_medium\"><\/div><div class=\"w-grid us_grid type_grid layout_28484 cols_3 preload_style_spinner\" id=\"us_grid_3\" style=\"--columns:3;--gap:1.5rem;\"><style>@media (max-width:1024px){#us_grid_3{--columns:2!important}}@media (max-width:600px){#us_grid_3{--columns:1!important}}<\/style><div class=\"w-grid-list\">\t<article class=\"w-grid-item size_1x1 post-83012 us_portfolio type-us_portfolio status-publish has-post-thumbnail hentry us_portfolio_category-art-en us_portfolio_category-cultural-projects us_portfolio_category-patrimonio-en us_portfolio_category-proyectos-y-mecenazgo-en us_portfolio_tag-otras-actividades-en\" data-id=\"83012\">\r\n\t\t<div class=\"w-grid-item-h\">\r\n\t\t\t\t\t\t<div class=\"w-post-elm post_image usg_post_image_1 stretched\"><a href=\"https:\/\/www.fundacioncristinamasaveu.com\/en\/portfolio\/plan-de-interpretacion-para-el-museo-del-real-sitio-de-covadonga\/\" aria-label=\"INTERPRETATION PLAN FOR THE MUSEO DEL REAL SITIO DE COVADONGA\"><img loading=\"lazy\" decoding=\"async\" thumbnail=\"us_600_338_crop\" width=\"600\" height=\"338\" src=\"https:\/\/www.fundacioncristinamasaveu.com\/wp-content\/uploads\/2024\/12\/Vista-Santuario-Covadonga.-Foto-Kike-Llamas.-Fundacion-Maria-Cristina-Masaveu-Peterson-600x338.jpg\" class=\"attachment-us_600_338_crop size-us_600_338_crop wp-post-image\" alt=\"\" \/><\/a><\/div><div class=\"w-vwrapper usg_vwrapper_1 align_left valign_top\"><div class=\"w-post-elm post_custom_field usg_post_custom_field_1 type_text antetitulo color_link_inherit\"><span class=\"w-post-elm-value\">PATRONAGE PROJECT<\/span><\/div><div class=\"w-post-elm post_title usg_post_title_1 align_left entry-title color_link_inherit\"><a href=\"https:\/\/www.fundacioncristinamasaveu.com\/en\/portfolio\/plan-de-interpretacion-para-el-museo-del-real-sitio-de-covadonga\/\">INTERPRETATION PLAN FOR THE MUSEO DEL REAL SITIO DE COVADONGA<\/a><\/div><p class=\"w-post-elm post_custom_field usg_post_custom_field_2 type_text posttitulo color_link_inherit\"><span class=\"w-post-elm-value\"><b>MUSEO DEL REAL SITIO DE COVADONGA<\/b><br \/>\r\n2025<\/span><\/p><\/div>\t\t<\/div>\r\n\t\t\t<\/article>\r\n\t<article class=\"w-grid-item size_1x1 post-62242 us_portfolio type-us_portfolio status-publish has-post-thumbnail hentry us_portfolio_category-art-en us_portfolio_category-arte-y-cultura-en us_portfolio_category-fmcmp-collection us_portfolio_category-projects-and-patronage us_portfolio_category-proyectos-y-mecenazgo-en us_portfolio_tag-otras-actividades-en\" data-id=\"62242\">\r\n\t\t<div class=\"w-grid-item-h\">\r\n\t\t\t\t\t\t<div class=\"w-post-elm post_image usg_post_image_1 stretched\"><a href=\"https:\/\/www.fundacioncristinamasaveu.com\/en\/portfolio\/julia-jaume-plensa\/\" aria-label=\"JULIA, JAUME PLENSA FMCMP COLLECTION \"><img loading=\"lazy\" decoding=\"async\" thumbnail=\"us_600_338_crop\" width=\"600\" height=\"338\" src=\"https:\/\/www.fundacioncristinamasaveu.com\/wp-content\/uploads\/2022\/12\/X8A2444_singente-600x338.png\" class=\"attachment-us_600_338_crop size-us_600_338_crop wp-post-image\" alt=\"\" \/><\/a><\/div><div class=\"w-vwrapper usg_vwrapper_1 align_left valign_top\"><div class=\"w-post-elm post_custom_field usg_post_custom_field_1 type_text antetitulo color_link_inherit\"><span class=\"w-post-elm-value\">PATRONAGE PROJECT<\/span><\/div><div class=\"w-post-elm post_title usg_post_title_1 align_left entry-title color_link_inherit\"><a href=\"https:\/\/www.fundacioncristinamasaveu.com\/en\/portfolio\/julia-jaume-plensa\/\">JULIA, JAUME PLENSA <br>FMCMP COLLECTION <\/br><\/a><\/div><p class=\"w-post-elm post_custom_field usg_post_custom_field_2 type_text posttitulo color_link_inherit\"><span class=\"w-post-elm-value\"><b>PEDESTAL IN PLAZA DE COL\u00d3N, MADRID<\/b><br \/>\r\n20 DECEMBER 2018<br \/>\r\nDECEMBER 2026<\/span><\/p><\/div>\t\t<\/div>\r\n\t\t\t<\/article>\r\n\t<article class=\"w-grid-item size_1x1 post-82778 us_portfolio type-us_portfolio status-publish has-post-thumbnail hentry us_portfolio_category-exhibitions us_portfolio_tag-actualidad-en us_portfolio_tag-arte-y-cultura-en us_portfolio_tag-otras-actividades-en\" data-id=\"82778\">\r\n\t\t<div class=\"w-grid-item-h\">\r\n\t\t\t\t\t\t<div class=\"w-post-elm post_image usg_post_image_1 stretched\"><a href=\"https:\/\/www.fundacioncristinamasaveu.com\/en\/portfolio\/contemporary-spanish-art-from-the-fmcmp-collection\/\" aria-label=\"CONTEMPORARY SPANISH ART FROM THE FMCMP COLLECTION\"><img loading=\"lazy\" decoding=\"async\" thumbnail=\"us_600_338_crop\" width=\"600\" height=\"338\" src=\"https:\/\/www.fundacioncristinamasaveu.com\/wp-content\/uploads\/2021\/09\/Vista-de-la-exposicion-en-Brickell-Key-Centre.-FMCMP.-Foto-Antonio-Chagin-ACH-Digital-Photography-1-1-600x338.jpg\" class=\"attachment-us_600_338_crop size-us_600_338_crop wp-post-image\" alt=\"\" \/><\/a><\/div><div class=\"w-vwrapper usg_vwrapper_1 align_left valign_top\"><div class=\"w-post-elm post_custom_field usg_post_custom_field_1 type_text antetitulo color_link_inherit\"><span class=\"w-post-elm-value\">EXPOSICI\u00d3N<\/span><\/div><div class=\"w-post-elm post_title usg_post_title_1 align_left entry-title color_link_inherit\"><a href=\"https:\/\/www.fundacioncristinamasaveu.com\/en\/portfolio\/contemporary-spanish-art-from-the-fmcmp-collection\/\">CONTEMPORARY SPANISH ART FROM THE FMCMP COLLECTION<\/a><\/div><p class=\"w-post-elm post_custom_field usg_post_custom_field_2 type_text posttitulo color_link_inherit\"><span class=\"w-post-elm-value\"><b>BRICKELL KEY CENTRE SPACE, MIAMI<\/b><br \/>\r\nMAY, 2025<br \/>\r\nAPRIL, 2027<\/span><\/p><\/div>\t\t<\/div>\r\n\t\t\t<\/article>\r\n<\/div>\t<div class=\"w-grid-preloader\">\r\n\t\t<div class=\"g-preloader type_1\">\r\n\t\t\t<div><\/div>\r\n\t\t<\/div>\r\n\t<\/div>\r\n\t\t<div class=\"w-grid-json hidden\" onclick='return {&quot;action&quot;:&quot;us_ajax_grid&quot;,&quot;infinite_scroll&quot;:0,&quot;max_num_pages&quot;:1,&quot;pagination&quot;:&quot;none&quot;,&quot;template_vars&quot;:{&quot;columns&quot;:&quot;3&quot;,&quot;exclude_items&quot;:&quot;none&quot;,&quot;img_size&quot;:&quot;default&quot;,&quot;ignore_items_size&quot;:0,&quot;items_layout&quot;:&quot;28484&quot;,&quot;items_offset&quot;:&quot;1&quot;,&quot;load_animation&quot;:&quot;none&quot;,&quot;overriding_link&quot;:&quot;%7B%22url%22%3A%22%22%7D&quot;,&quot;post_id&quot;:0,&quot;query_args&quot;:{&quot;ignore_sticky_posts&quot;:1,&quot;post_type&quot;:&quot;any&quot;,&quot;post__in&quot;:[&quot;62242&quot;,&quot;82778&quot;,&quot;83012&quot;],&quot;tax_query&quot;:[{&quot;taxonomy&quot;:&quot;product_visibility&quot;,&quot;field&quot;:&quot;slug&quot;,&quot;terms&quot;:[&quot;exclude-from-catalog&quot;],&quot;operator&quot;:&quot;NOT IN&quot;}],&quot;posts_per_page&quot;:&quot;3&quot;},&quot;orderby_query_args&quot;:{&quot;orderby&quot;:{&quot;date&quot;:&quot;DESC&quot;}},&quot;type&quot;:&quot;grid&quot;,&quot;us_grid_post_type&quot;:&quot;ids&quot;,&quot;us_grid_ajax_index&quot;:3,&quot;us_grid_filter_query_string&quot;:null,&quot;us_grid_index&quot;:3,&quot;page_args&quot;:[],&quot;lang&quot;:&quot;en&quot;}}'><\/div>\r\n\t<\/div><div class=\"w-separator size_medium\"><\/div><div class=\"w-btn-wrapper align_right\"><a class=\"w-btn us-btn-style_3\" title=\"CULTURAL PROJECTS\" href=\"https:\/\/www.fundacioncristinamasaveu.com\/en\/activity\/cultural-projects\/\"><span class=\"w-btn-label\">All the activities &gt;<\/span><\/a><\/div><div class=\"w-separator size_medium\"><\/div><\/div><\/div><\/div><div class=\"vc_col-sm-12 wpb_column vc_column_container\"><div class=\"vc_column-inner\"><div class=\"wpb_wrapper\"><\/div><\/div><\/div><\/div><\/div><\/section>\n<div class=\"gsp_post_data\" \r\n\t            data-post_type=\"page\" \r\n\t            data-cat=\"\" \r\n\t            data-modified=\"120\"\r\n\t            data-created=\"1477563662\"\r\n\t            data-title=\"Home\" \r\n\t            data-home=\"https:\/\/www.fundacioncristinamasaveu.com\/en\/\"><\/div>","protected":false},"excerpt":{"rendered":"Home View of Contemporary Spanish Art from the FMCMP Collection at the Brickell Key Centre Space (Miami). Photo: Antonio Chagin &#8211; ACH Digital Photography. CONTEMPORARY SPANISH ART FROM THE FMCMP COLLECTION BRICKELL KEY CENTRE SPACE, MIAMI MAY, 2025 APRIL, 2027 Contemporary Spanish Art from the FMCMP Collection is the title of an exhibition programme designed...","protected":false},"author":1,"featured_media":0,"parent":0,"menu_order":0,"comment_status":"closed","ping_status":"closed","template":"","meta":{"_acf_changed":false,"footnotes":"","_links_to":"","_links_to_target":""},"class_list":["post-38061","page","type-page","status-publish","hentry"],"acf":[],"yoast_head":"<!-- This site is optimized with the Yoast SEO plugin v27.3 - https:\/\/yoast.com\/product\/yoast-seo-wordpress\/ -->\n<title>Fundaci\u00f3n Mar\u00eda Cristina Masaveu Peterson<\/title>\n<meta name=\"description\" content=\"Difusi\u00f3n, protecci\u00f3n e impulso del Patrimonio Hist\u00f3rico y Art\u00edstico, del conocimiento, de las becas para la investigaci\u00f3n y del desarrollo tecnol\u00f3gico.\" \/>\n<meta name=\"robots\" content=\"index, follow, max-snippet:-1, max-image-preview:large, max-video-preview:-1\" \/>\n<link rel=\"canonical\" href=\"https:\/\/www.fundacioncristinamasaveu.com\/en\/\" \/>\n<meta property=\"og:locale\" content=\"en_US\" \/>\n<meta property=\"og:type\" content=\"article\" \/>\n<meta property=\"og:title\" content=\"Fundaci\u00f3n Mar\u00eda Cristina Masaveu Peterson\" \/>\n<meta property=\"og:description\" content=\"Difusi\u00f3n, protecci\u00f3n e impulso del Patrimonio Hist\u00f3rico y Art\u00edstico, del conocimiento, de las becas para la investigaci\u00f3n y del desarrollo tecnol\u00f3gico.\" \/>\n<meta property=\"og:url\" content=\"https:\/\/www.fundacioncristinamasaveu.com\/en\/\" \/>\n<meta property=\"og:site_name\" content=\"Fundaci\u00f3n Maria Cristina Masaveu Peterson\" \/>\n<meta property=\"article:modified_time\" content=\"2026-03-26T08:48:36+00:00\" \/>\n<meta name=\"twitter:card\" content=\"summary_large_image\" \/>\n<meta name=\"twitter:label1\" content=\"Est. reading time\" \/>\n\t<meta name=\"twitter:data1\" content=\"1 minute\" \/>\n<script type=\"application\/ld+json\" class=\"yoast-schema-graph\">{\"@context\":\"https:\\\/\\\/schema.org\",\"@graph\":[{\"@type\":\"WebPage\",\"@id\":\"https:\\\/\\\/www.fundacioncristinamasaveu.com\\\/en\\\/\",\"url\":\"https:\\\/\\\/www.fundacioncristinamasaveu.com\\\/en\\\/\",\"name\":\"Fundaci\u00f3n Mar\u00eda Cristina Masaveu Peterson\",\"isPartOf\":{\"@id\":\"https:\\\/\\\/www.fundacioncristinamasaveu.com\\\/#website\"},\"datePublished\":\"2016-10-27T09:21:02+00:00\",\"dateModified\":\"2026-03-26T08:48:36+00:00\",\"description\":\"Difusi\u00f3n, protecci\u00f3n e impulso del Patrimonio Hist\u00f3rico y Art\u00edstico, del conocimiento, de las becas para la investigaci\u00f3n y del desarrollo tecnol\u00f3gico.\",\"breadcrumb\":{\"@id\":\"https:\\\/\\\/www.fundacioncristinamasaveu.com\\\/en\\\/#breadcrumb\"},\"inLanguage\":\"en-US\",\"potentialAction\":[{\"@type\":\"ReadAction\",\"target\":[\"https:\\\/\\\/www.fundacioncristinamasaveu.com\\\/en\\\/\"]}]},{\"@type\":\"BreadcrumbList\",\"@id\":\"https:\\\/\\\/www.fundacioncristinamasaveu.com\\\/en\\\/#breadcrumb\",\"itemListElement\":[{\"@type\":\"ListItem\",\"position\":1,\"name\":\"Portada\",\"item\":\"https:\\\/\\\/www.fundacioncristinamasaveu.com\\\/en\\\/\"},{\"@type\":\"ListItem\",\"position\":2,\"name\":\"Home\"}]},{\"@type\":\"WebSite\",\"@id\":\"https:\\\/\\\/www.fundacioncristinamasaveu.com\\\/#website\",\"url\":\"https:\\\/\\\/www.fundacioncristinamasaveu.com\\\/\",\"name\":\"Fundaci\u00f3n Maria Cristina Masaveu Peterson\",\"description\":\"Web Fundaci\u00f3n Cristina Masaveu\",\"potentialAction\":[{\"@type\":\"SearchAction\",\"target\":{\"@type\":\"EntryPoint\",\"urlTemplate\":\"https:\\\/\\\/www.fundacioncristinamasaveu.com\\\/?s={search_term_string}\"},\"query-input\":{\"@type\":\"PropertyValueSpecification\",\"valueRequired\":true,\"valueName\":\"search_term_string\"}}],\"inLanguage\":\"en-US\"}]}<\/script>\n<!-- \/ Yoast SEO plugin. -->","yoast_head_json":{"title":"Fundaci\u00f3n Mar\u00eda Cristina Masaveu Peterson","description":"Difusi\u00f3n, protecci\u00f3n e impulso del Patrimonio Hist\u00f3rico y Art\u00edstico, del conocimiento, de las becas para la investigaci\u00f3n y del desarrollo tecnol\u00f3gico.","robots":{"index":"index","follow":"follow","max-snippet":"max-snippet:-1","max-image-preview":"max-image-preview:large","max-video-preview":"max-video-preview:-1"},"canonical":"https:\/\/www.fundacioncristinamasaveu.com\/en\/","og_locale":"en_US","og_type":"article","og_title":"Fundaci\u00f3n Mar\u00eda Cristina Masaveu Peterson","og_description":"Difusi\u00f3n, protecci\u00f3n e impulso del Patrimonio Hist\u00f3rico y Art\u00edstico, del conocimiento, de las becas para la investigaci\u00f3n y del desarrollo tecnol\u00f3gico.","og_url":"https:\/\/www.fundacioncristinamasaveu.com\/en\/","og_site_name":"Fundaci\u00f3n Maria Cristina Masaveu Peterson","article_modified_time":"2026-03-26T08:48:36+00:00","twitter_card":"summary_large_image","twitter_misc":{"Est. reading time":"1 minute"},"schema":{"@context":"https:\/\/schema.org","@graph":[{"@type":"WebPage","@id":"https:\/\/www.fundacioncristinamasaveu.com\/en\/","url":"https:\/\/www.fundacioncristinamasaveu.com\/en\/","name":"Fundaci\u00f3n Mar\u00eda Cristina Masaveu Peterson","isPartOf":{"@id":"https:\/\/www.fundacioncristinamasaveu.com\/#website"},"datePublished":"2016-10-27T09:21:02+00:00","dateModified":"2026-03-26T08:48:36+00:00","description":"Difusi\u00f3n, protecci\u00f3n e impulso del Patrimonio Hist\u00f3rico y Art\u00edstico, del conocimiento, de las becas para la investigaci\u00f3n y del desarrollo tecnol\u00f3gico.","breadcrumb":{"@id":"https:\/\/www.fundacioncristinamasaveu.com\/en\/#breadcrumb"},"inLanguage":"en-US","potentialAction":[{"@type":"ReadAction","target":["https:\/\/www.fundacioncristinamasaveu.com\/en\/"]}]},{"@type":"BreadcrumbList","@id":"https:\/\/www.fundacioncristinamasaveu.com\/en\/#breadcrumb","itemListElement":[{"@type":"ListItem","position":1,"name":"Portada","item":"https:\/\/www.fundacioncristinamasaveu.com\/en\/"},{"@type":"ListItem","position":2,"name":"Home"}]},{"@type":"WebSite","@id":"https:\/\/www.fundacioncristinamasaveu.com\/#website","url":"https:\/\/www.fundacioncristinamasaveu.com\/","name":"Fundaci\u00f3n Maria Cristina Masaveu Peterson","description":"Web Fundaci\u00f3n Cristina Masaveu","potentialAction":[{"@type":"SearchAction","target":{"@type":"EntryPoint","urlTemplate":"https:\/\/www.fundacioncristinamasaveu.com\/?s={search_term_string}"},"query-input":{"@type":"PropertyValueSpecification","valueRequired":true,"valueName":"search_term_string"}}],"inLanguage":"en-US"}]}},"_links":{"self":[{"href":"https:\/\/www.fundacioncristinamasaveu.com\/en\/wp-json\/wp\/v2\/pages\/38061","targetHints":{"allow":["GET"]}}],"collection":[{"href":"https:\/\/www.fundacioncristinamasaveu.com\/en\/wp-json\/wp\/v2\/pages"}],"about":[{"href":"https:\/\/www.fundacioncristinamasaveu.com\/en\/wp-json\/wp\/v2\/types\/page"}],"author":[{"embeddable":true,"href":"https:\/\/www.fundacioncristinamasaveu.com\/en\/wp-json\/wp\/v2\/users\/1"}],"replies":[{"embeddable":true,"href":"https:\/\/www.fundacioncristinamasaveu.com\/en\/wp-json\/wp\/v2\/comments?post=38061"}],"version-history":[{"count":63,"href":"https:\/\/www.fundacioncristinamasaveu.com\/en\/wp-json\/wp\/v2\/pages\/38061\/revisions"}],"predecessor-version":[{"id":83739,"href":"https:\/\/www.fundacioncristinamasaveu.com\/en\/wp-json\/wp\/v2\/pages\/38061\/revisions\/83739"}],"wp:attachment":[{"href":"https:\/\/www.fundacioncristinamasaveu.com\/en\/wp-json\/wp\/v2\/media?parent=38061"}],"curies":[{"name":"wp","href":"https:\/\/api.w.org\/{rel}","templated":true}]}}